{"id":268437,"date":"2024-02-14T08:32:51","date_gmt":"2024-02-14T13:32:51","guid":{"rendered":"https:\/\/insightcrime.org\/?page_id=268437"},"modified":"2026-08-20T13:57:30","modified_gmt":"2026-08-20T18:57:30","slug":"insight-crime-podcast-traduccion","status":"publish","type":"page","link":"https:\/\/insightcrime.org\/es\/audio-desde-el-terreno\/insight-crime-podcast-traduccion\/","title":{"rendered":"El p\u00f3dcast de InSight Crime"},"content":{"rendered":"\n<div class=\"wp-block-cover alignfull is-light -mt-1rem wp-duotone-unset-1\" style=\"min-height:405px;aspect-ratio:unset;\"><span aria-hidden=\"true\" class=\"wp-block-cover__background has-secondary-background-color has-background-dim-80 has-background-dim\"><\/span><div class=\"wp-block-cover__inner-container is-layout-constrained wp-block-cover-is-layout-constrained\">\n<div style=\"height:30px\" aria-hidden=\"true\" class=\"wp-block-spacer\"><\/div>\n\n\n\n<div class=\"wp-block-columns is-layout-flex wp-container-core-columns-is-layout-8f761849 wp-block-columns-is-layout-flex\">\n<div class=\"wp-block-column is-layout-flow wp-block-column-is-layout-flow\" style=\"flex-basis:30%\">\n<figure class=\"wp-block-image size-large\"><a href=\"https:\/\/www.youtube.com\/playlist?list=PLTMZ7-ZtNYJGj5OFpZDyN7sBmDzSmpcJK\"><img data-recalc-dims=\"1\" loading=\"lazy\" decoding=\"async\" width=\"998\" height=\"1024\" src=\"https:\/\/i0.wp.com\/insightcrime.org\/wp-content\/uploads\/2026\/07\/Portada-Podcast-InSight-Crime-Season-2.jpg?resize=998%2C1024&#038;quality=100&#038;ssl=1\" alt=\"\" class=\"wp-image-347365\" style=\"aspect-ratio:0.9746400991514921\" srcset=\"https:\/\/i0.wp.com\/insightcrime.org\/wp-content\/uploads\/2026\/07\/Portada-Podcast-InSight-Crime-Season-2-scaled.jpg?resize=998%2C1024&amp;quality=100&amp;ssl=1 998w, https:\/\/i0.wp.com\/insightcrime.org\/wp-content\/uploads\/2026\/07\/Portada-Podcast-InSight-Crime-Season-2-scaled.jpg?resize=292%2C300&amp;quality=100&amp;ssl=1 292w, https:\/\/i0.wp.com\/insightcrime.org\/wp-content\/uploads\/2026\/07\/Portada-Podcast-InSight-Crime-Season-2-scaled.jpg?resize=768%2C788&amp;quality=100&amp;ssl=1 768w, https:\/\/i0.wp.com\/insightcrime.org\/wp-content\/uploads\/2026\/07\/Portada-Podcast-InSight-Crime-Season-2-scaled.jpg?resize=1497%2C1536&amp;quality=100&amp;ssl=1 1497w, https:\/\/i0.wp.com\/insightcrime.org\/wp-content\/uploads\/2026\/07\/Portada-Podcast-InSight-Crime-Season-2-scaled.jpg?resize=1996%2C2048&amp;quality=100&amp;ssl=1 1996w, https:\/\/i0.wp.com\/insightcrime.org\/wp-content\/uploads\/2026\/07\/Portada-Podcast-InSight-Crime-Season-2-scaled.jpg?resize=1200%2C1231&amp;quality=100&amp;ssl=1 1200w, https:\/\/i0.wp.com\/insightcrime.org\/wp-content\/uploads\/2026\/07\/Portada-Podcast-InSight-Crime-Season-2-scaled.jpg?resize=2000%2C2052&amp;quality=100&amp;ssl=1 2000w, https:\/\/i0.wp.com\/insightcrime.org\/wp-content\/uploads\/2026\/07\/Portada-Podcast-InSight-Crime-Season-2-scaled.jpg?resize=780%2C800&amp;quality=100&amp;ssl=1 780w, https:\/\/i0.wp.com\/insightcrime.org\/wp-content\/uploads\/2026\/07\/Portada-Podcast-InSight-Crime-Season-2-scaled.jpg?resize=400%2C410&amp;quality=100&amp;ssl=1 400w, https:\/\/i0.wp.com\/insightcrime.org\/wp-content\/uploads\/2026\/07\/Portada-Podcast-InSight-Crime-Season-2-scaled.jpg?resize=706%2C724&amp;quality=100&amp;ssl=1 706w, https:\/\/i0.wp.com\/insightcrime.org\/wp-content\/uploads\/2026\/07\/Portada-Podcast-InSight-Crime-Season-2-998x1024.jpg?w=370&amp;quality=100&amp;ssl=1 370w\" sizes=\"auto, (max-width: 998px) 100vw, 998px\" \/><\/a><\/figure>\n<\/div>\n\n\n\n<div class=\"wp-block-column is-layout-flow wp-block-column-is-layout-flow\" style=\"flex-basis:70%\">\n<h1 id=\"h-el-podcast-de-insight-crime\" class=\"wp-block-heading\" style=\"font-size:60px;text-transform:none\">El p\u00f3dcast de InSight Crime<\/h1>\n\n\n\n<p class=\"-mt-1rem wp-block-paragraph\"><em><mark style=\"background-color:#ffc379\" class=\"has-inline-color\">El p\u00f3dcast de InSight Crime regresa con su segunda temporada. Esc\u00fachelo ahora.<\/mark><\/em><\/p>\n\n\n\n<p class=\"-mt-1rem wp-block-paragraph\">Durante 15 a\u00f1os, InSight Crime ha investigado el crimen organizado en las Am\u00e9ricas. En ese camino, hemos conocido a miles de personas: desde fuentes dentro del gobierno y actores criminales, hasta l\u00edderes comunitarios y familias atrapadas en el fuego cruzado. Detr\u00e1s de cada investigaci\u00f3n hay historias de p\u00e9rdida, resiliencia, valent\u00eda y esperanza. Nuestro podcast cuenta esas historias, porque el verdadero impacto del crimen organizado rara vez gira en torno al hombre del apodo. Se trata de las personas que viven con las consecuencias. <strong>Esc\u00fachelo en su plataforma de podcasts favorita<\/strong>.<\/p>\n\n\n\n<div class=\"wp-block-columns is-layout-flex wp-container-core-columns-is-layout-8f761849 wp-block-columns-is-layout-flex\">\n<div class=\"wp-block-column is-layout-flow wp-block-column-is-layout-flow\" style=\"flex-basis:15%\">\n<h2 id=\"h-escuchelo-en\" class=\"wp-block-heading\" style=\"font-size:24px\"><strong>Esc\u00fachelo  en:<\/strong><\/h2>\n<\/div>\n\n\n\n<div class=\"wp-block-column is-layout-flow wp-block-column-is-layout-flow\" style=\"flex-basis:85%\">\n<div class=\"wp-block-buttons is-layout-flex wp-block-buttons-is-layout-flex\">\n<div style=\"--wp--block-button--width: 25;\" class=\"wp-block-button is-style-fill has-custom-width wp-block-button__width wp-block-button__width-25\"><a class=\"wp-block-button__link has-dark-gray-color has-secondary-variation-background-color has-text-color has-background has-link-color wp-element-button\" href=\"https:\/\/www.youtube.com\/playlist?list=PLTMZ7-ZtNYJGj5OFpZDyN7sBmDzSmpcJK\" style=\"border-top-left-radius:8px;border-top-right-radius:8px;border-bottom-left-radius:8px;border-bottom-right-radius:8px\" target=\"_blank\" rel=\"noreferrer noopener\">YouTube<\/a><\/div>\n\n\n\n<div style=\"--wp--block-button--width: 25;\" class=\"wp-block-button is-style-fill has-custom-width wp-block-button__width wp-block-button__width-25\"><a class=\"wp-block-button__link has-dark-gray-color has-secondary-variation-background-color has-text-color has-background has-link-color wp-element-button\" href=\"https:\/\/open.spotify.com\/show\/3DdNcFZPuIKA8teHeccqI4?si=6da29c609a684f7f\" style=\"border-top-left-radius:8px;border-top-right-radius:8px;border-bottom-left-radius:8px;border-bottom-right-radius:8px\" target=\"_blank\" rel=\"noreferrer noopener\">Spotify<\/a><\/div>\n\n\n\n<div style=\"--wp--block-button--width: 25;\" class=\"wp-block-button is-style-fill has-custom-width wp-block-button__width wp-block-button__width-25\"><a class=\"wp-block-button__link has-dark-gray-color has-secondary-variation-background-color has-text-color has-background has-link-color wp-element-button\" href=\"https:\/\/podcasts.apple.com\/co\/podcast\/why-bolivia-is-burning\/id1731423749?i=1000645623740&amp;l=en-GB\" style=\"border-top-left-radius:8px;border-top-right-radius:8px;border-bottom-left-radius:8px;border-bottom-right-radius:8px\" target=\"_blank\" rel=\"noreferrer noopener\">Apple<\/a><\/div>\n\n\n\n<div style=\"--wp--block-button--width: 25;\" class=\"wp-block-button is-style-fill has-custom-width wp-block-button__width wp-block-button__width-25\"><a class=\"wp-block-button__link has-dark-gray-color has-secondary-variation-background-color has-text-color has-background has-link-color wp-element-button\" href=\"https:\/\/music.amazon.es\/podcasts\/1e70c751-af57-4a13-bd20-9ab53437a442\/insight-crime-podcast-from-the-ground-up\" style=\"border-top-left-radius:8px;border-top-right-radius:8px;border-bottom-left-radius:8px;border-bottom-right-radius:8px\" target=\"_blank\" rel=\"noreferrer noopener\">Amazon<\/a><\/div>\n<\/div>\n<\/div>\n<\/div>\n<\/div>\n<\/div>\n\n\n\n<div style=\"height:4px\" aria-hidden=\"true\" class=\"wp-block-spacer\"><\/div>\n<\/div><\/div>\n\n\n\n<div style=\"height:12px\" aria-hidden=\"true\" class=\"wp-block-spacer\"><\/div>\n\n\n\n<div class=\"wp-block-columns is-layout-flex wp-container-core-columns-is-layout-8f761849 wp-block-columns-is-layout-flex\">\n<div class=\"wp-block-column is-layout-flow wp-block-column-is-layout-flow\" style=\"flex-basis:25%\">\n<h2 id=\"h-unase-al-boletin-from-the-ground-up\" class=\"wp-block-heading accent-header\">\u00danase al bolet\u00edn <em>From the Ground Up<\/em><\/h2>\n\n\n\n<div class=\"wp-block-group\"><div class=\"wp-block-group__inner-container is-layout-constrained wp-block-group-is-layout-constrained\">\n<p class=\"wp-block-paragraph\">Reciba cada nuevo episodio y m\u00e1s detalles sobre los trabajos de campo de InSight Crime en su bandeja de entrada. V\u00eddeos, fotograf\u00edas, audio o gr\u00e1ficos adicionales y seguimientos de las historias de cada episodio.<\/p>\n\n\n\n<p class=\"has-small-font-size wp-block-paragraph\"><em>Este bolet\u00edn solo est\u00e1 disponible en ingl\u00e9s por el momento.<\/em><\/p>\n\n\n\t<div\n\t\tclass=\"wp-block-newspack-newsletters-subscribe newspack-newsletters-subscribe \"\n\t\tdata-success-message=\"Thank you for signing up!\"\n\t\t\t\t\t>\n\t\t\t\t\t<form id=\"newspack-subscribe-2\" data-newspack-recaptcha=\"newspack_newsletter_signup\">\n\t\t\t\t<input type=\"hidden\" name=\"newspack_newsletters_subscribe\" value=\"1\" \/>\n\t\t\t\t\t\t\t\t\t\t\t\t\t<input type=\"hidden\" name=\"lists[]\" value=\"8abbeb39c9\" \/>\n\t\t\t\t\t\t\t\t\t\t\t\t\t<div class=\"newspack-newsletters-name-input\">\n\n\t\t\t\t\t\t<div class=\"newspack-newsletters-name-input-item\">\n\t\t\t\t\t\t\t\t\t\t\t\t\t\t<input id=\"newspack-newsletters-subscribe-block-input-81199-name\" type=\"text\" name=\"name\" placeholder=\"Name\" \/>\n\t\t\t\t\t\t<\/div>\n\t\t\t\t\t\t\t\t\t\t\t<\/div>\n\t\t\t\t\t\t\t\t\t\t\t\t<div class=\"newspack-newsletters-email-input\">\n\t\t\t\t\t\t\t\t\t\t<input\n\t\t\t\t\t\tid=\"newspack-newsletters-subscribe-block-input-81199-email\"\n\t\t\t\t\t\ttype=\"email\"\n\t\t\t\t\t\tname=\"npe\"\n\t\t\t\t\t\tautocomplete=\"email\"\n\t\t\t\t\t\tplaceholder=\"Email Address\"\n\t\t\t\t\t\tvalue=\"\"\n\t\t\t\t\t\/>\n\t\t\t\t\t\t\t\t\t\t\n\t\t\t\t\t<button class=\"submit-button\"type=\"submit\" style=\"\">\n\t\t\t\t\t\t<span class=\"submit\">Sign up<\/span>\n\t\t\t\t\t<\/button>\n\t\t\t\t<\/div>\n\t\t\t<\/form>\n\t\t\t\t<div class=\"newspack-newsletters-subscribe__response\">\n\t\t\t<div class=\"newspack-newsletters-subscribe__icon\"><\/div>\n\t\t\t<div class=\"newspack-newsletters-subscribe__message\">\n\t\t\t\t\t\t\t<\/div>\n\t\t<\/div>\n\t<\/div>\n\t<\/div><\/div>\n<\/div>\n\n\n\n<div class=\"wp-block-column is-layout-flow wp-block-column-is-layout-flow\" style=\"flex-basis:3%\"><\/div>\n\n\n\n<div class=\"wp-block-column is-layout-flow wp-block-column-is-layout-flow\" style=\"flex-basis:72%\">\n<h2 id=\"h-temporada-2\" class=\"wp-block-heading has-huge-font-size\">Temporada 2<\/h2>\n\n\n\n<p class=\"-mt-1rem wp-block-paragraph\"><em>Esc\u00fachelo ahora. Esta vez en <a href=\"https:\/\/www.youtube.com\/watch?v=IWTlact9bj4\">ingl\u00e9s<\/a><\/em> <em>y <a href=\"https:\/\/www.youtube.com\/watch?v=C5fH916E3pg\">espa\u00f1ol<\/a>.<\/em><\/p>\n\n\n\t<div\n\t\tclass=\"wp-block-newspack-blocks-homepage-articles wpnbha show-image image-alignleft ts-4 is-3 is-landscape \"\n\t\tstyle=\"\"\n\t\t>\n\t\t<div data-posts data-current-post-id=\"268437\">\n\t\t\t\t\t\t\t<h2 class=\"article-section-title\">\n\t\t\t\t\t<span>Temporada 2<\/span>\n\t\t\t\t<\/h2>\n\t\t\t\t\t\t\n\t<article data-post-id=\"349371\"\n\t\tclass=\"tag-cartel-de-jalisco tag-cartel-de-sinaloa tag-insight-crime-podcast-es category-noticias category-insight-crime-espanol type-post post-has-image\"\n\t\t\t\t>\n\t\t\t\t\t\t\t<figure class=\"post-thumbnail\">\n\t\t\t\t\t\t\t\t<a href=\"https:\/\/insightcrime.org\/es\/audio-es\/insight-crime-espanol\/podcast-monstruo-desapariciones-forzadas-mexico\/\" rel=\"bookmark\" tabindex=\"-1\" aria-hidden=\"true\">\n\t\t\t\t\t\t\t\t\t\t\t\t<img loading=\"lazy\" decoding=\"async\" width=\"1200\" height=\"900\" src=\"https:\/\/i0.wp.com\/insightcrime.org\/wp-content\/uploads\/2026\/08\/Play-Ingles.png?resize=1200%2C900&amp;quality=100&amp;ssl=1\" class=\"attachment-newspack-article-block-landscape-large size-newspack-article-block-landscape-large wp-post-image\" alt=\"Podcast | El Monstruo: Desapariciones forzadas en M\u00e9xico\" data-hero-candidate=\"1\" sizes=\"auto, (max-width: 34.9rem) calc(100vw - 2rem), (max-width: 53rem) calc(8 * (100vw \/ 12)), (min-width: 53rem) calc(6 * (100vw \/ 12)), 100vw\" \/>\t\t\t\t\t\t\t\t\t\t\t\t<\/a>\n\t\t\t\t\n\t\t\t\t\t\t\t<\/figure><!-- .featured-image -->\n\t\t\n\t\t<div class=\"entry-wrapper\">\n\t\t\t\t\t\t<h3 class=\"entry-title\"><a href=\"https:\/\/insightcrime.org\/es\/audio-es\/insight-crime-espanol\/podcast-monstruo-desapariciones-forzadas-mexico\/\" rel=\"bookmark\">Podcast | El Monstruo: Desapariciones forzadas en M\u00e9xico<\/a><\/h3>\t\t\t\t\t\t<p>El hijo de H\u00e9ctor desapareci\u00f3 en Guadalajara, M\u00e9xico. \u00c9l sospecha que quienes deber\u00edan estar busc\u00e1ndolo podr\u00edan estar involucrados en su desaparici\u00f3n. <\/p>\n\t\t\t\t<div class=\"entry-meta\">\n\t\t\t\t\t<time class=\"entry-date published\" datetime=\"2026-08-20T13:48:04-05:00\">20 de agosto de 2026<\/time><time class=\"updated\" datetime=\"2026-08-21T08:27:40-05:00\">21 de agosto de 2026<\/time>\t\t\t\t<\/div><!-- .entry-meta -->\n\t\t\t\t\t\t\t\t<\/div><!-- .entry-wrapper -->\n\t<\/article>\n\n\t\t\n\t<article data-post-id=\"348895\"\n\t\tclass=\"tag-choneros-es tag-ecuador-pais tag-insight-crime-podcast-es tag-narcocultura category-noticias category-insight-crime-espanol type-post post-has-image\"\n\t\t\t\t>\n\t\t\t\t\t\t\t<figure class=\"post-thumbnail\">\n\t\t\t\t\t\t\t\t<a href=\"https:\/\/insightcrime.org\/es\/noticias\/podcast-gio-fito-cuando-rap-gangsta-se-vuelve-real\/\" rel=\"bookmark\" tabindex=\"-1\" aria-hidden=\"true\">\n\t\t\t\t\t\t\t\t\t\t\t\t<img loading=\"lazy\" decoding=\"async\" width=\"1200\" height=\"900\" src=\"https:\/\/i0.wp.com\/insightcrime.org\/wp-content\/uploads\/2026\/08\/EP04-Play-Espanol-.png?resize=1200%2C900&amp;quality=100&amp;ssl=1\" class=\"attachment-newspack-article-block-landscape-large size-newspack-article-block-landscape-large wp-post-image\" alt=\"P\u00f3dcast | Gio y Fito: Cuando el rap Gangsta se vuelve real\" data-hero-candidate=\"1\" srcset=\"https:\/\/i0.wp.com\/insightcrime.org\/wp-content\/uploads\/2026\/08\/EP04-Play-Espanol-.png?resize=1200%2C900&amp;quality=100&amp;ssl=1 1200w, https:\/\/i0.wp.com\/insightcrime.org\/wp-content\/uploads\/2026\/08\/EP04-Play-Espanol-.png?resize=800%2C600&amp;quality=100&amp;ssl=1 800w, https:\/\/i0.wp.com\/insightcrime.org\/wp-content\/uploads\/2026\/08\/EP04-Play-Espanol-.png?resize=600%2C450&amp;quality=100&amp;ssl=1 600w, https:\/\/i0.wp.com\/insightcrime.org\/wp-content\/uploads\/2026\/08\/EP04-Play-Espanol-.png?resize=400%2C300&amp;quality=100&amp;ssl=1 400w, https:\/\/i0.wp.com\/insightcrime.org\/wp-content\/uploads\/2026\/08\/EP04-Play-Espanol-.png?resize=200%2C150&amp;quality=100&amp;ssl=1 200w, https:\/\/i0.wp.com\/insightcrime.org\/wp-content\/uploads\/2026\/08\/EP04-Play-Espanol-.png?resize=1200%2C900&amp;quality=100&amp;ssl=1&amp;w=370 370w\" sizes=\"auto, (max-width: 34.9rem) calc(100vw - 2rem), (max-width: 53rem) calc(8 * (100vw \/ 12)), (min-width: 53rem) calc(6 * (100vw \/ 12)), 100vw\" \/>\t\t\t\t\t\t\t\t\t\t\t\t<\/a>\n\t\t\t\t\n\t\t\t\t\t\t\t<\/figure><!-- .featured-image -->\n\t\t\n\t\t<div class=\"entry-wrapper\">\n\t\t\t\t\t\t<h3 class=\"entry-title\"><a href=\"https:\/\/insightcrime.org\/es\/noticias\/podcast-gio-fito-cuando-rap-gangsta-se-vuelve-real\/\" rel=\"bookmark\">P\u00f3dcast | Gio y Fito: Cuando el rap Gangsta se vuelve real<\/a><\/h3>\t\t\t\t\t\t<p>Gio era un rapero gangsta. Tambi\u00e9n era la mano derecha del criminal m\u00e1s conocido de Ecuador, el l\u00edder de Los Choneros, alias \u201cFito\u201d.<\/p>\n\t\t\t\t<div class=\"entry-meta\">\n\t\t\t\t\t<time class=\"entry-date published\" datetime=\"2026-08-13T12:36:08-05:00\">13 de agosto de 2026<\/time><time class=\"updated\" datetime=\"2026-08-13T12:45:44-05:00\">13 de agosto de 2026<\/time>\t\t\t\t<\/div><!-- .entry-meta -->\n\t\t\t\t\t\t\t\t<\/div><!-- .entry-wrapper -->\n\t<\/article>\n\n\t\t\n\t<article data-post-id=\"348524\"\n\t\tclass=\"tag-cocaina tag-colombia-pais tag-farc-ep tag-homicidios tag-insight-crime-podcast-es tag-podcast-es category-noticias category-insight-crime-espanol type-post post-has-image\"\n\t\t\t\t>\n\t\t\t\t\t\t\t<figure class=\"post-thumbnail\">\n\t\t\t\t\t\t\t\t<a href=\"https:\/\/insightcrime.org\/es\/noticias\/podcast-tres-maneras-perder-hijo\/\" rel=\"bookmark\" tabindex=\"-1\" aria-hidden=\"true\">\n\t\t\t\t\t\t\t\t\t\t\t\t<img loading=\"lazy\" decoding=\"async\" width=\"800\" height=\"600\" src=\"https:\/\/i0.wp.com\/insightcrime.org\/wp-content\/uploads\/2026\/08\/dsccjiecxmq.jpg?resize=800%2C600&amp;quality=100&amp;ssl=1\" class=\"attachment-newspack-article-block-landscape-medium size-newspack-article-block-landscape-medium wp-post-image\" alt=\"P\u00f3dcast | Tres maneras de perder a un hijo\" data-hero-candidate=\"1\" srcset=\"https:\/\/i0.wp.com\/insightcrime.org\/wp-content\/uploads\/2026\/08\/dsccjiecxmq.jpg?resize=800%2C600&amp;quality=100&amp;ssl=1 800w, https:\/\/i0.wp.com\/insightcrime.org\/wp-content\/uploads\/2026\/08\/dsccjiecxmq.jpg?resize=600%2C450&amp;quality=100&amp;ssl=1 600w, https:\/\/i0.wp.com\/insightcrime.org\/wp-content\/uploads\/2026\/08\/dsccjiecxmq.jpg?resize=400%2C300&amp;quality=100&amp;ssl=1 400w, https:\/\/i0.wp.com\/insightcrime.org\/wp-content\/uploads\/2026\/08\/dsccjiecxmq.jpg?resize=200%2C150&amp;quality=100&amp;ssl=1 200w, https:\/\/i0.wp.com\/insightcrime.org\/wp-content\/uploads\/2026\/08\/dsccjiecxmq.jpg?resize=800%2C600&amp;quality=100&amp;ssl=1&amp;w=370 370w\" sizes=\"auto, (max-width: 34.9rem) calc(100vw - 2rem), (max-width: 53rem) calc(8 * (100vw \/ 12)), (min-width: 53rem) calc(6 * (100vw \/ 12)), 100vw\" \/>\t\t\t\t\t\t\t\t\t\t\t\t<\/a>\n\t\t\t\t\n\t\t\t\t\t\t\t<\/figure><!-- .featured-image -->\n\t\t\n\t\t<div class=\"entry-wrapper\">\n\t\t\t\t\t\t<h3 class=\"entry-title\"><a href=\"https:\/\/insightcrime.org\/es\/noticias\/podcast-tres-maneras-perder-hijo\/\" rel=\"bookmark\">P\u00f3dcast | Tres maneras de perder a un hijo<\/a><\/h3>\t\t\t\t\t\t<p>Sobre este episodio Buenaventura es el principal puerto de Colombia sobre el Pac\u00edfico y uno de los corredores m\u00e1s estrat\u00e9gicos del continente para el tr\u00e1fico de coca\u00edna. Durante d\u00e9cadas, la ciudad ha sido escenario de enfrentamientos entre grupos\u2026<\/p>\n\t\t\t\t<div class=\"entry-meta\">\n\t\t\t\t\t<time class=\"entry-date published\" datetime=\"2026-08-06T15:46:14-05:00\">6 de agosto de 2026<\/time><time class=\"updated\" datetime=\"2026-08-07T16:14:50-05:00\">7 de agosto de 2026<\/time>\t\t\t\t<\/div><!-- .entry-meta -->\n\t\t\t\t\t\t\t\t<\/div><!-- .entry-wrapper -->\n\t<\/article>\n\n\t\t\n\t<article data-post-id=\"347934\"\n\t\tclass=\"tag-extorsion tag-genero-y-crimen-organizado tag-peru-pais tag-tren-de-aragua-es category-noticias category-insight-crime-espanol type-post post-has-image\"\n\t\t\t\t>\n\t\t\t\t\t\t\t<figure class=\"post-thumbnail\">\n\t\t\t\t\t\t\t\t<a href=\"https:\/\/insightcrime.org\/es\/noticias\/podcast-nos-van-a-matar-sobrevivir-como-trabajadora-sexual-en-peru\/\" rel=\"bookmark\" tabindex=\"-1\" aria-hidden=\"true\">\n\t\t\t\t\t\t\t\t\t\t\t\t<img loading=\"lazy\" decoding=\"async\" width=\"800\" height=\"600\" src=\"https:\/\/i0.wp.com\/insightcrime.org\/wp-content\/uploads\/2017\/03\/1vnz3pqgg-s.jpg?resize=800%2C600&amp;quality=100&amp;ssl=1\" class=\"attachment-newspack-article-block-landscape-medium size-newspack-article-block-landscape-medium wp-post-image\" alt=\"P\u00f3dcast | \u00abNos van a matar\u00bb: sobrevivir como trabajadora sexual en Per\u00fa\" data-hero-candidate=\"1\" srcset=\"https:\/\/i0.wp.com\/insightcrime.org\/wp-content\/uploads\/2017\/03\/1vnz3pqgg-s.jpg?resize=800%2C600&amp;quality=100&amp;ssl=1 800w, https:\/\/i0.wp.com\/insightcrime.org\/wp-content\/uploads\/2017\/03\/1vnz3pqgg-s.jpg?resize=600%2C450&amp;quality=100&amp;ssl=1 600w, https:\/\/i0.wp.com\/insightcrime.org\/wp-content\/uploads\/2017\/03\/1vnz3pqgg-s.jpg?resize=400%2C300&amp;quality=100&amp;ssl=1 400w, https:\/\/i0.wp.com\/insightcrime.org\/wp-content\/uploads\/2017\/03\/1vnz3pqgg-s.jpg?resize=200%2C150&amp;quality=100&amp;ssl=1 200w, https:\/\/i0.wp.com\/insightcrime.org\/wp-content\/uploads\/2017\/03\/1vnz3pqgg-s.jpg?resize=800%2C600&amp;quality=100&amp;ssl=1&amp;w=370 370w\" sizes=\"auto, (max-width: 34.9rem) calc(100vw - 2rem), (max-width: 53rem) calc(8 * (100vw \/ 12)), (min-width: 53rem) calc(6 * (100vw \/ 12)), 100vw\" \/>\t\t\t\t\t\t\t\t\t\t\t\t<\/a>\n\t\t\t\t\n\t\t\t\t\t\t\t<\/figure><!-- .featured-image -->\n\t\t\n\t\t<div class=\"entry-wrapper\">\n\t\t\t\t\t\t<h3 class=\"entry-title\"><a href=\"https:\/\/insightcrime.org\/es\/noticias\/podcast-nos-van-a-matar-sobrevivir-como-trabajadora-sexual-en-peru\/\" rel=\"bookmark\">P\u00f3dcast | \u00abNos van a matar\u00bb: sobrevivir como trabajadora sexual en Per\u00fa<\/a><\/h3>\t\t\t\t\t\t<p>El control del Tren de Aragua sobre el trabajo sexual en Lima ha dejado un rastro de asesinatos de trabajadoras sexuales que se niegan a ser extorsionadas, cr\u00edmenes que la banda utiliza como mensaje para aterrorizar a las\u2026<\/p>\n\t\t\t\t<div class=\"entry-meta\">\n\t\t\t\t\t<time class=\"entry-date published\" datetime=\"2026-07-30T14:29:44-05:00\">30 de julio de 2026<\/time><time class=\"updated\" datetime=\"2026-08-07T16:12:52-05:00\">7 de agosto de 2026<\/time>\t\t\t\t<\/div><!-- .entry-meta -->\n\t\t\t\t\t\t\t\t<\/div><!-- .entry-wrapper -->\n\t<\/article>\n\n\t\t\n\t<article data-post-id=\"347762\"\n\t\tclass=\"tag-ecuador-pais tag-extorsion tag-chone-killers-es category-noticias category-insight-crime-espanol type-post post-has-image\"\n\t\t\t\t>\n\t\t\t\t\t\t\t<figure class=\"post-thumbnail\">\n\t\t\t\t\t\t\t\t<a href=\"https:\/\/insightcrime.org\/es\/audio-es\/insight-crime-espanol\/podcast-una-casa-marcada-extorsion-ecuador\/\" rel=\"bookmark\" tabindex=\"-1\" aria-hidden=\"true\">\n\t\t\t\t\t\t\t\t\t\t\t\t<img loading=\"lazy\" decoding=\"async\" width=\"1200\" height=\"900\" src=\"https:\/\/i0.wp.com\/insightcrime.org\/wp-content\/uploads\/2026\/07\/play-EP1-S2InSight-Crime-scaled.jpeg?resize=1200%2C900&amp;quality=100&amp;ssl=1\" class=\"attachment-newspack-article-block-landscape-large size-newspack-article-block-landscape-large wp-post-image\" alt=\"P\u00f3dcast | Una casa marcada: extorsi\u00f3n en Ecuador\" data-hero-candidate=\"1\" srcset=\"https:\/\/i0.wp.com\/insightcrime.org\/wp-content\/uploads\/2026\/07\/play-EP1-S2InSight-Crime-scaled.jpeg?resize=1200%2C900&amp;quality=100&amp;ssl=1 1200w, https:\/\/i0.wp.com\/insightcrime.org\/wp-content\/uploads\/2026\/07\/play-EP1-S2InSight-Crime-scaled.jpeg?resize=800%2C600&amp;quality=100&amp;ssl=1 800w, https:\/\/i0.wp.com\/insightcrime.org\/wp-content\/uploads\/2026\/07\/play-EP1-S2InSight-Crime-scaled.jpeg?resize=600%2C450&amp;quality=100&amp;ssl=1 600w, https:\/\/i0.wp.com\/insightcrime.org\/wp-content\/uploads\/2026\/07\/play-EP1-S2InSight-Crime-scaled.jpeg?resize=400%2C300&amp;quality=100&amp;ssl=1 400w, https:\/\/i0.wp.com\/insightcrime.org\/wp-content\/uploads\/2026\/07\/play-EP1-S2InSight-Crime-scaled.jpeg?resize=200%2C150&amp;quality=100&amp;ssl=1 200w, https:\/\/i0.wp.com\/insightcrime.org\/wp-content\/uploads\/2026\/07\/play-EP1-S2InSight-Crime-scaled.jpeg?zoom=2&amp;resize=1200%2C900&amp;quality=100&amp;ssl=1 2400w, https:\/\/i0.wp.com\/insightcrime.org\/wp-content\/uploads\/2026\/07\/play-EP1-S2InSight-Crime-scaled.jpeg?resize=1200%2C900&amp;quality=100&amp;ssl=1&amp;w=370 370w\" sizes=\"auto, (max-width: 34.9rem) calc(100vw - 2rem), (max-width: 53rem) calc(8 * (100vw \/ 12)), (min-width: 53rem) calc(6 * (100vw \/ 12)), 100vw\" \/>\t\t\t\t\t\t\t\t\t\t\t\t<\/a>\n\t\t\t\t\n\t\t\t\t\t\t\t<\/figure><!-- .featured-image -->\n\t\t\n\t\t<div class=\"entry-wrapper\">\n\t\t\t\t\t\t<h3 class=\"entry-title\"><a href=\"https:\/\/insightcrime.org\/es\/audio-es\/insight-crime-espanol\/podcast-una-casa-marcada-extorsion-ecuador\/\" rel=\"bookmark\">P\u00f3dcast | Una casa marcada: extorsi\u00f3n en Ecuador<\/a><\/h3>\t\t\t\t\t\t<p>Sobre este episodio Andr\u00e9s y Juliana amaban vivir en Dur\u00e1n. All\u00ed compraron su casa, criaron a sus hijos y montaron su peque\u00f1o negocio. Cuando extorsionadores enmascarados dispararon cinco balas contra su casa durante las navidades de 2023, sus\u2026<\/p>\n\t\t\t\t<div class=\"entry-meta\">\n\t\t\t\t\t<time class=\"entry-date published\" datetime=\"2026-07-23T18:28:40-05:00\">23 de julio de 2026<\/time><time class=\"updated\" datetime=\"2026-08-06T16:03:00-05:00\">6 de agosto de 2026<\/time>\t\t\t\t<\/div><!-- .entry-meta -->\n\t\t\t\t\t\t\t\t<\/div><!-- .entry-wrapper -->\n\t<\/article>\n\n\t\t\t\t<\/div>\n\t\t\n\t<\/div>\n\t\n\n\n<p class=\"wp-block-paragraph\"><strong><a href=\"https:\/\/insightcrime.org\/es\/audio-es\/insight-crime-espanol\/podcast-una-casa-marcada-extorsion-ecuador\/\" data-type=\"link\" data-id=\"https:\/\/insightcrime.org\/es\/audio-es\/insight-crime-espanol\/podcast-una-casa-marcada-extorsion-ecuador\/\" target=\"_blank\" rel=\"noreferrer noopener\">E<\/a><\/strong><a href=\"https:\/\/insightcrime.org\/es\/audio-es\/insight-crime-espanol\/podcast-una-casa-marcada-extorsion-ecuador\/\" data-type=\"link\" data-id=\"https:\/\/insightcrime.org\/es\/audio-es\/insight-crime-espanol\/podcast-una-casa-marcada-extorsion-ecuador\/\" target=\"_blank\" rel=\"noreferrer noopener\"><strong>P01 &#8211; Una casa marcada | Dur\u00e1n, Ecuador &#8211; <em>Julio 23<\/em><br><\/strong><\/a><a href=\"https:\/\/insightcrime.org\/es\/noticias\/podcast-nos-van-a-matar-sobrevivir-como-trabajadora-sexual-en-peru\/\" data-type=\"link\" data-id=\"https:\/\/insightcrime.org\/es\/noticias\/podcast-nos-van-a-matar-sobrevivir-como-trabajadora-sexual-en-peru\/\" target=\"_blank\" rel=\"noreferrer noopener\"><strong>EP02 &#8211; Nos van a matar | Lima, Per\u00fa &#8211; <em>Julio 30<br><\/em><\/strong><\/a><a href=\"https:\/\/insightcrime.org\/es\/noticias\/podcast-tres-maneras-perder-hijo\/\" target=\"_blank\" rel=\"noreferrer noopener\"><strong>EP03 &#8211; Tres maneras de perder un hijo | Buenaventura, Colombia &#8211;<em> Agosto 6<\/em><br><\/strong><\/a><a href=\"https:\/\/insightcrime.org\/es\/audio-es\/insight-crime-espanol\/podcast-monstruo-desapariciones-forzadas-mexico\/\"><strong>EP04 &#8211; Gio y Fito: Cuando el gangsta rap se vuelve real | Ecuador &#8211;<em> Agosto 13<\/em><br>EP05 &#8211; El monstruo | Guadalajara, M\u00e9xico &#8211; <em>Agosto 30<\/em><\/strong><\/a><\/p>\n\n\n\n<h2 id=\"h-temporada-1\" class=\"wp-block-heading has-huge-font-size\">Temporada 1<\/h2>\n\n\n\n<p class=\"-mt-1rem wp-block-paragraph\"><em>Solo en ingl\u00e9s con transcripci\u00f3n en espa\u00f1ol disponible.<\/em><\/p>\n\n\n\n<p class=\"wp-block-paragraph\"><\/p>\n\n\n\t<div\n\t\tclass=\"wp-block-newspack-blocks-homepage-articles is-style-borders wpnbha show-image image-alignright ts-3 is-2 is-square mobile-stack is-style-borders\"\n\t\tstyle=\"\"\n\t\t>\n\t\t<div data-posts data-current-post-id=\"268437\">\n\t\t\t\t\t\t\t<h2 class=\"article-section-title\">\n\t\t\t\t\t<span>Episodios<\/span>\n\t\t\t\t<\/h2>\n\t\t\t\t\t\t\n\t<article data-post-id=\"277079\"\n\t\tclass=\"tag-barrio-18-grupo tag-el-salvador-pais tag-ms13-es tag-tregua-entre-pandillas-en-el-salvador-es category-insight-crime-espanol type-page post-has-image\"\n\t\t\t\t>\n\t\t\t\t\t\t\t<figure class=\"post-thumbnail\">\n\t\t\t\t\t\t\t\t<a href=\"https:\/\/insightcrime.org\/es\/audio-desde-el-terreno\/insight-crime-podcast-traduccion\/ep06-rebelde-pacificador\/\" rel=\"bookmark\" tabindex=\"-1\" aria-hidden=\"true\">\n\t\t\t\t\t\t\t\t\t\t\t\t<img loading=\"lazy\" decoding=\"async\" width=\"1200\" height=\"1200\" src=\"https:\/\/i0.wp.com\/insightcrime.org\/wp-content\/uploads\/2024\/05\/Cover-ep06-the-rebel-and-the-peacemaker.jpeg?resize=1200%2C1200&amp;quality=100&amp;ssl=1\" class=\"attachment-newspack-article-block-square-large size-newspack-article-block-square-large wp-post-image\" alt=\"EP06 \u00b7 El rebelde y el pacificador\" data-hero-candidate=\"1\" srcset=\"https:\/\/i0.wp.com\/insightcrime.org\/wp-content\/uploads\/2024\/05\/Cover-ep06-the-rebel-and-the-peacemaker.jpeg?w=1600&amp;quality=100&amp;ssl=1 1600w, https:\/\/i0.wp.com\/insightcrime.org\/wp-content\/uploads\/2024\/05\/Cover-ep06-the-rebel-and-the-peacemaker.jpeg?resize=300%2C300&amp;quality=100&amp;ssl=1 300w, https:\/\/i0.wp.com\/insightcrime.org\/wp-content\/uploads\/2024\/05\/Cover-ep06-the-rebel-and-the-peacemaker.jpeg?resize=1024%2C1024&amp;quality=100&amp;ssl=1 1024w, https:\/\/i0.wp.com\/insightcrime.org\/wp-content\/uploads\/2024\/05\/Cover-ep06-the-rebel-and-the-peacemaker.jpeg?resize=150%2C150&amp;quality=100&amp;ssl=1 150w, https:\/\/i0.wp.com\/insightcrime.org\/wp-content\/uploads\/2024\/05\/Cover-ep06-the-rebel-and-the-peacemaker.jpeg?resize=768%2C768&amp;quality=100&amp;ssl=1 768w, https:\/\/i0.wp.com\/insightcrime.org\/wp-content\/uploads\/2024\/05\/Cover-ep06-the-rebel-and-the-peacemaker.jpeg?resize=1536%2C1536&amp;quality=100&amp;ssl=1 1536w, https:\/\/i0.wp.com\/insightcrime.org\/wp-content\/uploads\/2024\/05\/Cover-ep06-the-rebel-and-the-peacemaker.jpeg?resize=1200%2C1200&amp;quality=100&amp;ssl=1 1200w, https:\/\/i0.wp.com\/insightcrime.org\/wp-content\/uploads\/2024\/05\/Cover-ep06-the-rebel-and-the-peacemaker.jpeg?resize=800%2C800&amp;quality=100&amp;ssl=1 800w, https:\/\/i0.wp.com\/insightcrime.org\/wp-content\/uploads\/2024\/05\/Cover-ep06-the-rebel-and-the-peacemaker.jpeg?resize=600%2C600&amp;quality=100&amp;ssl=1 600w, https:\/\/i0.wp.com\/insightcrime.org\/wp-content\/uploads\/2024\/05\/Cover-ep06-the-rebel-and-the-peacemaker.jpeg?resize=400%2C400&amp;quality=100&amp;ssl=1 400w, https:\/\/i0.wp.com\/insightcrime.org\/wp-content\/uploads\/2024\/05\/Cover-ep06-the-rebel-and-the-peacemaker.jpeg?resize=200%2C200&amp;quality=100&amp;ssl=1 200w, https:\/\/i0.wp.com\/insightcrime.org\/wp-content\/uploads\/2024\/05\/Cover-ep06-the-rebel-and-the-peacemaker.jpeg?resize=1568%2C1568&amp;quality=100&amp;ssl=1 1568w, https:\/\/i0.wp.com\/insightcrime.org\/wp-content\/uploads\/2024\/05\/Cover-ep06-the-rebel-and-the-peacemaker.jpeg?resize=706%2C706&amp;quality=100&amp;ssl=1 706w, https:\/\/i0.wp.com\/insightcrime.org\/wp-content\/uploads\/2024\/05\/Cover-ep06-the-rebel-and-the-peacemaker.jpeg?resize=100%2C100&amp;quality=100&amp;ssl=1 100w, https:\/\/i0.wp.com\/insightcrime.org\/wp-content\/uploads\/2024\/05\/Cover-ep06-the-rebel-and-the-peacemaker.jpeg?resize=1200%2C1200&amp;quality=100&amp;ssl=1&amp;w=370 370w\" sizes=\"auto, (max-width: 34.9rem) calc(100vw - 2rem), (max-width: 53rem) calc(8 * (100vw \/ 12)), (min-width: 53rem) calc(6 * (100vw \/ 12)), 100vw\" \/>\t\t\t\t\t\t\t\t\t\t\t\t<\/a>\n\t\t\t\t\n\t\t\t\t\t\t\t<\/figure><!-- .featured-image -->\n\t\t\n\t\t<div class=\"entry-wrapper\">\n\t\t\t\t\t\t<h3 class=\"entry-title\"><a href=\"https:\/\/insightcrime.org\/es\/audio-desde-el-terreno\/insight-crime-podcast-traduccion\/ep06-rebelde-pacificador\/\" rel=\"bookmark\">EP06 \u00b7 El rebelde y el pacificador<\/a><\/h3>\t\t\t\t\t\t<p>En nuestro \u00faltimo episodio de esta temporada, exploramos la incre\u00edble vida de Ra\u00fal Mijango, el rebelde, diputado, mediador de pandillas y recluso que personific\u00f3 lo\u2026<\/p>\n\t\t\t\t<a class=\"more-link\" href=\"https:\/\/insightcrime.org\/es\/audio-desde-el-terreno\/insight-crime-podcast-traduccion\/ep06-rebelde-pacificador\/\" rel=\"bookmark\">\n\t\t\t\t\tMore about this episode\t\t\t\t<\/a>\n\t\t\t\t\t\t\t\t<div class=\"entry-meta\">\n\t\t\t\t\t<time class=\"entry-date published\" datetime=\"2024-05-22T08:19:59-05:00\">22 de mayo de 2024<\/time><time class=\"updated\" datetime=\"2024-08-30T16:51:58-05:00\">30 de agosto de 2024<\/time>\t\t\t\t<\/div><!-- .entry-meta -->\n\t\t\t\t\t\t\t\t<\/div><!-- .entry-wrapper -->\n\t<\/article>\n\n\t\t\n\t<article data-post-id=\"277063\"\n\t\tclass=\"tag-brasil tag-el-pcc tag-politicas-de-seguridad tag-prisiones-es category-insight-crime-podcast type-page post-has-image\"\n\t\t\t\t>\n\t\t\t\t\t\t\t<figure class=\"post-thumbnail\">\n\t\t\t\t\t\t\t\t<a href=\"https:\/\/insightcrime.org\/es\/audio-desde-el-terreno\/insight-crime-podcast-traduccion\/ep05-el-crimen-fortalece-el-crimen\/\" rel=\"bookmark\" tabindex=\"-1\" aria-hidden=\"true\">\n\t\t\t\t\t\t\t\t\t\t\t\t<img loading=\"lazy\" decoding=\"async\" width=\"1200\" height=\"1200\" src=\"https:\/\/i0.wp.com\/insightcrime.org\/wp-content\/uploads\/2024\/04\/Cover-EP05-InSight-Crime-Podcast-2024-copy-1.jpg?resize=1200%2C1200&amp;quality=100&amp;ssl=1\" class=\"attachment-newspack-article-block-square-large size-newspack-article-block-square-large wp-post-image\" alt=\"EP05 \u00b7 El crimen fortalece el crimen\" data-hero-candidate=\"1\" srcset=\"https:\/\/i0.wp.com\/insightcrime.org\/wp-content\/uploads\/2024\/04\/Cover-EP05-InSight-Crime-Podcast-2024-copy-1.jpg?w=1600&amp;quality=100&amp;ssl=1 1600w, https:\/\/i0.wp.com\/insightcrime.org\/wp-content\/uploads\/2024\/04\/Cover-EP05-InSight-Crime-Podcast-2024-copy-1.jpg?resize=300%2C300&amp;quality=100&amp;ssl=1 300w, https:\/\/i0.wp.com\/insightcrime.org\/wp-content\/uploads\/2024\/04\/Cover-EP05-InSight-Crime-Podcast-2024-copy-1.jpg?resize=1024%2C1024&amp;quality=100&amp;ssl=1 1024w, https:\/\/i0.wp.com\/insightcrime.org\/wp-content\/uploads\/2024\/04\/Cover-EP05-InSight-Crime-Podcast-2024-copy-1.jpg?resize=150%2C150&amp;quality=100&amp;ssl=1 150w, https:\/\/i0.wp.com\/insightcrime.org\/wp-content\/uploads\/2024\/04\/Cover-EP05-InSight-Crime-Podcast-2024-copy-1.jpg?resize=768%2C768&amp;quality=100&amp;ssl=1 768w, https:\/\/i0.wp.com\/insightcrime.org\/wp-content\/uploads\/2024\/04\/Cover-EP05-InSight-Crime-Podcast-2024-copy-1.jpg?resize=1536%2C1536&amp;quality=100&amp;ssl=1 1536w, https:\/\/i0.wp.com\/insightcrime.org\/wp-content\/uploads\/2024\/04\/Cover-EP05-InSight-Crime-Podcast-2024-copy-1.jpg?resize=1200%2C1200&amp;quality=100&amp;ssl=1 1200w, https:\/\/i0.wp.com\/insightcrime.org\/wp-content\/uploads\/2024\/04\/Cover-EP05-InSight-Crime-Podcast-2024-copy-1.jpg?resize=800%2C800&amp;quality=100&amp;ssl=1 800w, https:\/\/i0.wp.com\/insightcrime.org\/wp-content\/uploads\/2024\/04\/Cover-EP05-InSight-Crime-Podcast-2024-copy-1.jpg?resize=600%2C600&amp;quality=100&amp;ssl=1 600w, https:\/\/i0.wp.com\/insightcrime.org\/wp-content\/uploads\/2024\/04\/Cover-EP05-InSight-Crime-Podcast-2024-copy-1.jpg?resize=400%2C400&amp;quality=100&amp;ssl=1 400w, https:\/\/i0.wp.com\/insightcrime.org\/wp-content\/uploads\/2024\/04\/Cover-EP05-InSight-Crime-Podcast-2024-copy-1.jpg?resize=200%2C200&amp;quality=100&amp;ssl=1 200w, https:\/\/i0.wp.com\/insightcrime.org\/wp-content\/uploads\/2024\/04\/Cover-EP05-InSight-Crime-Podcast-2024-copy-1.jpg?resize=1568%2C1568&amp;quality=100&amp;ssl=1 1568w, https:\/\/i0.wp.com\/insightcrime.org\/wp-content\/uploads\/2024\/04\/Cover-EP05-InSight-Crime-Podcast-2024-copy-1.jpg?resize=706%2C706&amp;quality=100&amp;ssl=1 706w, https:\/\/i0.wp.com\/insightcrime.org\/wp-content\/uploads\/2024\/04\/Cover-EP05-InSight-Crime-Podcast-2024-copy-1.jpg?resize=100%2C100&amp;quality=100&amp;ssl=1 100w, https:\/\/i0.wp.com\/insightcrime.org\/wp-content\/uploads\/2024\/04\/Cover-EP05-InSight-Crime-Podcast-2024-copy-1.jpg?resize=1200%2C1200&amp;quality=100&amp;ssl=1&amp;w=370 370w\" sizes=\"auto, (max-width: 34.9rem) calc(100vw - 2rem), (max-width: 53rem) calc(8 * (100vw \/ 12)), (min-width: 53rem) calc(6 * (100vw \/ 12)), 100vw\" \/>\t\t\t\t\t\t\t\t\t\t\t\t<\/a>\n\t\t\t\t\n\t\t\t\t\t\t\t<\/figure><!-- .featured-image -->\n\t\t\n\t\t<div class=\"entry-wrapper\">\n\t\t\t\t\t\t<h3 class=\"entry-title\"><a href=\"https:\/\/insightcrime.org\/es\/audio-desde-el-terreno\/insight-crime-podcast-traduccion\/ep05-el-crimen-fortalece-el-crimen\/\" rel=\"bookmark\">EP05 \u00b7 El crimen fortalece el crimen<\/a><\/h3>\t\t\t\t\t\t<p>La juez Ivana David lleva 30 a\u00f1os trabajando en el sistema penitenciario brasile\u00f1o, lo que le permiti\u00f3 asistir en primera fila a la aparici\u00f3n del\u2026<\/p>\n\t\t\t\t<a class=\"more-link\" href=\"https:\/\/insightcrime.org\/es\/audio-desde-el-terreno\/insight-crime-podcast-traduccion\/ep05-el-crimen-fortalece-el-crimen\/\" rel=\"bookmark\">\n\t\t\t\t\tMore about this episode\t\t\t\t<\/a>\n\t\t\t\t\t\t\t\t<div class=\"entry-meta\">\n\t\t\t\t\t<time class=\"entry-date published\" datetime=\"2024-04-18T10:01:01-05:00\">18 de abril de 2024<\/time><time class=\"updated\" datetime=\"2024-08-30T16:52:36-05:00\">30 de agosto de 2024<\/time>\t\t\t\t<\/div><!-- .entry-meta -->\n\t\t\t\t\t\t\t\t<\/div><!-- .entry-wrapper -->\n\t<\/article>\n\n\t\t\n\t<article data-post-id=\"272694\"\n\t\tclass=\"tag-cartel-del-golfo tag-derechos-humanos tag-estados-unidos tag-frontera-eumexico-es tag-mexico-pais tag-migracion-crimen-organizado tag-politicas-de-seguridad tag-trafico-humano category-insight-crime-podcast type-page post-has-image\"\n\t\t\t\t>\n\t\t\t\t\t\t\t<figure class=\"post-thumbnail\">\n\t\t\t\t\t\t\t\t<a href=\"https:\/\/insightcrime.org\/es\/audio-desde-el-terreno\/insight-crime-podcast-traduccion\/ep04-sociedad-demente\/\" rel=\"bookmark\" tabindex=\"-1\" aria-hidden=\"true\">\n\t\t\t\t\t\t\t\t\t\t\t\t<img loading=\"lazy\" decoding=\"async\" width=\"1200\" height=\"1200\" src=\"https:\/\/i0.wp.com\/insightcrime.org\/wp-content\/uploads\/2024\/04\/El_4_ISC-low-demented-society-insightcrime-podcast-cover.jpg?resize=1200%2C1200&amp;quality=100&amp;ssl=1\" class=\"attachment-newspack-article-block-square-large size-newspack-article-block-square-large wp-post-image\" alt=\"EP04 \u00b7 Sociedad Demente\" data-hero-candidate=\"1\" srcset=\"https:\/\/i0.wp.com\/insightcrime.org\/wp-content\/uploads\/2024\/04\/El_4_ISC-low-demented-society-insightcrime-podcast-cover.jpg?w=2048&amp;quality=100&amp;ssl=1 2048w, https:\/\/i0.wp.com\/insightcrime.org\/wp-content\/uploads\/2024\/04\/El_4_ISC-low-demented-society-insightcrime-podcast-cover.jpg?resize=300%2C300&amp;quality=100&amp;ssl=1 300w, https:\/\/i0.wp.com\/insightcrime.org\/wp-content\/uploads\/2024\/04\/El_4_ISC-low-demented-society-insightcrime-podcast-cover.jpg?resize=1024%2C1024&amp;quality=100&amp;ssl=1 1024w, https:\/\/i0.wp.com\/insightcrime.org\/wp-content\/uploads\/2024\/04\/El_4_ISC-low-demented-society-insightcrime-podcast-cover.jpg?resize=150%2C150&amp;quality=100&amp;ssl=1 150w, https:\/\/i0.wp.com\/insightcrime.org\/wp-content\/uploads\/2024\/04\/El_4_ISC-low-demented-society-insightcrime-podcast-cover.jpg?resize=768%2C768&amp;quality=100&amp;ssl=1 768w, https:\/\/i0.wp.com\/insightcrime.org\/wp-content\/uploads\/2024\/04\/El_4_ISC-low-demented-society-insightcrime-podcast-cover.jpg?resize=1536%2C1536&amp;quality=100&amp;ssl=1 1536w, https:\/\/i0.wp.com\/insightcrime.org\/wp-content\/uploads\/2024\/04\/El_4_ISC-low-demented-society-insightcrime-podcast-cover.jpg?resize=1200%2C1200&amp;quality=100&amp;ssl=1 1200w, https:\/\/i0.wp.com\/insightcrime.org\/wp-content\/uploads\/2024\/04\/El_4_ISC-low-demented-society-insightcrime-podcast-cover.jpg?resize=800%2C800&amp;quality=100&amp;ssl=1 800w, https:\/\/i0.wp.com\/insightcrime.org\/wp-content\/uploads\/2024\/04\/El_4_ISC-low-demented-society-insightcrime-podcast-cover.jpg?resize=600%2C600&amp;quality=100&amp;ssl=1 600w, https:\/\/i0.wp.com\/insightcrime.org\/wp-content\/uploads\/2024\/04\/El_4_ISC-low-demented-society-insightcrime-podcast-cover.jpg?resize=400%2C400&amp;quality=100&amp;ssl=1 400w, https:\/\/i0.wp.com\/insightcrime.org\/wp-content\/uploads\/2024\/04\/El_4_ISC-low-demented-society-insightcrime-podcast-cover.jpg?resize=200%2C200&amp;quality=100&amp;ssl=1 200w, https:\/\/i0.wp.com\/insightcrime.org\/wp-content\/uploads\/2024\/04\/El_4_ISC-low-demented-society-insightcrime-podcast-cover.jpg?resize=1568%2C1568&amp;quality=100&amp;ssl=1 1568w, https:\/\/i0.wp.com\/insightcrime.org\/wp-content\/uploads\/2024\/04\/El_4_ISC-low-demented-society-insightcrime-podcast-cover.jpg?resize=2000%2C2000&amp;quality=100&amp;ssl=1 2000w, https:\/\/i0.wp.com\/insightcrime.org\/wp-content\/uploads\/2024\/04\/El_4_ISC-low-demented-society-insightcrime-podcast-cover.jpg?resize=706%2C706&amp;quality=100&amp;ssl=1 706w, https:\/\/i0.wp.com\/insightcrime.org\/wp-content\/uploads\/2024\/04\/El_4_ISC-low-demented-society-insightcrime-podcast-cover.jpg?resize=100%2C100&amp;quality=100&amp;ssl=1 100w, https:\/\/i0.wp.com\/insightcrime.org\/wp-content\/uploads\/2024\/04\/El_4_ISC-low-demented-society-insightcrime-podcast-cover.jpg?resize=1200%2C1200&amp;quality=100&amp;ssl=1&amp;w=370 370w\" sizes=\"auto, (max-width: 34.9rem) calc(100vw - 2rem), (max-width: 53rem) calc(8 * (100vw \/ 12)), (min-width: 53rem) calc(6 * (100vw \/ 12)), 100vw\" \/>\t\t\t\t\t\t\t\t\t\t\t\t<\/a>\n\t\t\t\t\n\t\t\t\t\t\t\t<\/figure><!-- .featured-image -->\n\t\t\n\t\t<div class=\"entry-wrapper\">\n\t\t\t\t\t\t<h3 class=\"entry-title\"><a href=\"https:\/\/insightcrime.org\/es\/audio-desde-el-terreno\/insight-crime-podcast-traduccion\/ep04-sociedad-demente\/\" rel=\"bookmark\">EP04 \u00b7 Sociedad Demente<\/a><\/h3>\t\t\t\t\t\t<p>Abraham Barberi es una paradoja andante. Es de M\u00e9xico, pero vive en Estados Unidos. Trabaja como misionero, pero toca la guitarra en una banda de\u2026<\/p>\n\t\t\t\t<a class=\"more-link\" href=\"https:\/\/insightcrime.org\/es\/audio-desde-el-terreno\/insight-crime-podcast-traduccion\/ep04-sociedad-demente\/\" rel=\"bookmark\">\n\t\t\t\t\tMore about this episode\t\t\t\t<\/a>\n\t\t\t\t\t\t\t\t<div class=\"entry-meta\">\n\t\t\t\t\t<time class=\"entry-date published\" datetime=\"2024-04-03T08:10:56-05:00\">3 de abril de 2024<\/time><time class=\"updated\" datetime=\"2024-08-30T16:52:51-05:00\">30 de agosto de 2024<\/time>\t\t\t\t<\/div><!-- .entry-meta -->\n\t\t\t\t\t\t\t\t<\/div><!-- .entry-wrapper -->\n\t<\/article>\n\n\t\t\n\t<article data-post-id=\"270618\"\n\t\tclass=\"tag-barrio-18-grupo tag-genero-y-crimen-organizado tag-honduras-pais tag-ms13-es tag-prisiones-es category-insight-crime-espanol type-page post-has-image\"\n\t\t\t\t>\n\t\t\t\t\t\t\t<figure class=\"post-thumbnail\">\n\t\t\t\t\t\t\t\t<a href=\"https:\/\/insightcrime.org\/es\/audio-desde-el-terreno\/insight-crime-podcast-traduccion\/una-prision-dos-pandillas-honduras\/\" rel=\"bookmark\" tabindex=\"-1\" aria-hidden=\"true\">\n\t\t\t\t\t\t\t\t\t\t\t\t<img loading=\"lazy\" decoding=\"async\" width=\"1200\" height=\"1200\" src=\"https:\/\/i0.wp.com\/insightcrime.org\/wp-content\/uploads\/2024\/03\/Cover-EP03-One-prison-two-gangs.jpg?resize=1200%2C1200&amp;quality=100&amp;ssl=1\" class=\"attachment-newspack-article-block-square-large size-newspack-article-block-square-large wp-post-image\" alt=\"EP03 \u00b7 Una prisi\u00f3n, dos pandillas\" data-hero-candidate=\"1\" srcset=\"https:\/\/i0.wp.com\/insightcrime.org\/wp-content\/uploads\/2024\/03\/Cover-EP03-One-prison-two-gangs.jpg?w=1200&amp;quality=100&amp;ssl=1 1200w, https:\/\/i0.wp.com\/insightcrime.org\/wp-content\/uploads\/2024\/03\/Cover-EP03-One-prison-two-gangs.jpg?resize=300%2C300&amp;quality=100&amp;ssl=1 300w, https:\/\/i0.wp.com\/insightcrime.org\/wp-content\/uploads\/2024\/03\/Cover-EP03-One-prison-two-gangs.jpg?resize=1024%2C1024&amp;quality=100&amp;ssl=1 1024w, https:\/\/i0.wp.com\/insightcrime.org\/wp-content\/uploads\/2024\/03\/Cover-EP03-One-prison-two-gangs.jpg?resize=150%2C150&amp;quality=100&amp;ssl=1 150w, https:\/\/i0.wp.com\/insightcrime.org\/wp-content\/uploads\/2024\/03\/Cover-EP03-One-prison-two-gangs.jpg?resize=768%2C768&amp;quality=100&amp;ssl=1 768w, https:\/\/i0.wp.com\/insightcrime.org\/wp-content\/uploads\/2024\/03\/Cover-EP03-One-prison-two-gangs.jpg?resize=800%2C800&amp;quality=100&amp;ssl=1 800w, https:\/\/i0.wp.com\/insightcrime.org\/wp-content\/uploads\/2024\/03\/Cover-EP03-One-prison-two-gangs.jpg?resize=600%2C600&amp;quality=100&amp;ssl=1 600w, https:\/\/i0.wp.com\/insightcrime.org\/wp-content\/uploads\/2024\/03\/Cover-EP03-One-prison-two-gangs.jpg?resize=400%2C400&amp;quality=100&amp;ssl=1 400w, https:\/\/i0.wp.com\/insightcrime.org\/wp-content\/uploads\/2024\/03\/Cover-EP03-One-prison-two-gangs.jpg?resize=200%2C200&amp;quality=100&amp;ssl=1 200w, https:\/\/i0.wp.com\/insightcrime.org\/wp-content\/uploads\/2024\/03\/Cover-EP03-One-prison-two-gangs.jpg?resize=706%2C706&amp;quality=100&amp;ssl=1 706w, https:\/\/i0.wp.com\/insightcrime.org\/wp-content\/uploads\/2024\/03\/Cover-EP03-One-prison-two-gangs.jpg?resize=100%2C100&amp;quality=100&amp;ssl=1 100w, https:\/\/i0.wp.com\/insightcrime.org\/wp-content\/uploads\/2024\/03\/Cover-EP03-One-prison-two-gangs.jpg?resize=1200%2C1200&amp;quality=100&amp;ssl=1&amp;w=370 370w\" sizes=\"auto, (max-width: 34.9rem) calc(100vw - 2rem), (max-width: 53rem) calc(8 * (100vw \/ 12)), (min-width: 53rem) calc(6 * (100vw \/ 12)), 100vw\" \/>\t\t\t\t\t\t\t\t\t\t\t\t<\/a>\n\t\t\t\t\n\t\t\t\t\t\t\t<\/figure><!-- .featured-image -->\n\t\t\n\t\t<div class=\"entry-wrapper\">\n\t\t\t\t\t\t<h3 class=\"entry-title\"><a href=\"https:\/\/insightcrime.org\/es\/audio-desde-el-terreno\/insight-crime-podcast-traduccion\/una-prision-dos-pandillas-honduras\/\" rel=\"bookmark\">EP03 \u00b7 Una prisi\u00f3n, dos pandillas<\/a><\/h3>\t\t\t\t\t\t<p>El 20 de junio de 2023, al menos 46 mujeres privadas de la libertad fueron asesinadas por la pandilla Barrio 18 en la Penitenciar\u00eda Nacional\u2026<\/p>\n\t\t\t\t<a class=\"more-link\" href=\"https:\/\/insightcrime.org\/es\/audio-desde-el-terreno\/insight-crime-podcast-traduccion\/una-prision-dos-pandillas-honduras\/\" rel=\"bookmark\">\n\t\t\t\t\tMore about this episode\t\t\t\t<\/a>\n\t\t\t\t\t\t\t\t<div class=\"entry-meta\">\n\t\t\t\t\t<time class=\"entry-date published\" datetime=\"2024-03-13T08:07:21-05:00\">13 de marzo de 2024<\/time><time class=\"updated\" datetime=\"2024-08-30T16:53:04-05:00\">30 de agosto de 2024<\/time>\t\t\t\t<\/div><!-- .entry-meta -->\n\t\t\t\t\t\t\t\t<\/div><!-- .entry-wrapper -->\n\t<\/article>\n\n\t\t\n\t<article data-post-id=\"269586\"\n\t\tclass=\"tag-coca tag-cocaine tag-colombia category-insight-crime-podcast type-page post-has-image\"\n\t\t\t\t>\n\t\t\t\t\t\t\t<figure class=\"post-thumbnail\">\n\t\t\t\t\t\t\t\t<a href=\"https:\/\/insightcrime.org\/es\/audio-desde-el-terreno\/insight-crime-podcast-traduccion\/hija-de-la-coca-colombia-putumayo\/\" rel=\"bookmark\" tabindex=\"-1\" aria-hidden=\"true\">\n\t\t\t\t\t\t\t\t\t\t\t\t<img loading=\"lazy\" decoding=\"async\" width=\"1200\" height=\"1200\" src=\"https:\/\/i0.wp.com\/insightcrime.org\/wp-content\/uploads\/2024\/02\/EP_2_ISC.png?resize=1200%2C1200&amp;quality=100&amp;ssl=1\" class=\"attachment-newspack-article-block-square-large size-newspack-article-block-square-large wp-post-image\" alt=\"EP02 \u00b7 Hija de la coca\" data-hero-candidate=\"1\" srcset=\"https:\/\/i0.wp.com\/insightcrime.org\/wp-content\/uploads\/2024\/02\/EP_2_ISC.png?w=1400&amp;quality=100&amp;ssl=1 1400w, https:\/\/i0.wp.com\/insightcrime.org\/wp-content\/uploads\/2024\/02\/EP_2_ISC.png?resize=300%2C300&amp;quality=100&amp;ssl=1 300w, https:\/\/i0.wp.com\/insightcrime.org\/wp-content\/uploads\/2024\/02\/EP_2_ISC.png?resize=1024%2C1024&amp;quality=100&amp;ssl=1 1024w, https:\/\/i0.wp.com\/insightcrime.org\/wp-content\/uploads\/2024\/02\/EP_2_ISC.png?resize=150%2C150&amp;quality=100&amp;ssl=1 150w, https:\/\/i0.wp.com\/insightcrime.org\/wp-content\/uploads\/2024\/02\/EP_2_ISC.png?resize=768%2C768&amp;quality=100&amp;ssl=1 768w, https:\/\/i0.wp.com\/insightcrime.org\/wp-content\/uploads\/2024\/02\/EP_2_ISC.png?resize=1200%2C1200&amp;quality=100&amp;ssl=1 1200w, https:\/\/i0.wp.com\/insightcrime.org\/wp-content\/uploads\/2024\/02\/EP_2_ISC.png?resize=800%2C800&amp;quality=100&amp;ssl=1 800w, https:\/\/i0.wp.com\/insightcrime.org\/wp-content\/uploads\/2024\/02\/EP_2_ISC.png?resize=600%2C600&amp;quality=100&amp;ssl=1 600w, https:\/\/i0.wp.com\/insightcrime.org\/wp-content\/uploads\/2024\/02\/EP_2_ISC.png?resize=400%2C400&amp;quality=100&amp;ssl=1 400w, https:\/\/i0.wp.com\/insightcrime.org\/wp-content\/uploads\/2024\/02\/EP_2_ISC.png?resize=200%2C200&amp;quality=100&amp;ssl=1 200w, https:\/\/i0.wp.com\/insightcrime.org\/wp-content\/uploads\/2024\/02\/EP_2_ISC.png?resize=706%2C706&amp;quality=100&amp;ssl=1 706w, https:\/\/i0.wp.com\/insightcrime.org\/wp-content\/uploads\/2024\/02\/EP_2_ISC.png?resize=100%2C100&amp;quality=100&amp;ssl=1 100w, https:\/\/i0.wp.com\/insightcrime.org\/wp-content\/uploads\/2024\/02\/EP_2_ISC.png?resize=1200%2C1200&amp;quality=100&amp;ssl=1&amp;w=370 370w\" sizes=\"auto, (max-width: 34.9rem) calc(100vw - 2rem), (max-width: 53rem) calc(8 * (100vw \/ 12)), (min-width: 53rem) calc(6 * (100vw \/ 12)), 100vw\" \/>\t\t\t\t\t\t\t\t\t\t\t\t<\/a>\n\t\t\t\t\n\t\t\t\t\t\t\t<\/figure><!-- .featured-image -->\n\t\t\n\t\t<div class=\"entry-wrapper\">\n\t\t\t\t\t\t<h3 class=\"entry-title\"><a href=\"https:\/\/insightcrime.org\/es\/audio-desde-el-terreno\/insight-crime-podcast-traduccion\/hija-de-la-coca-colombia-putumayo\/\" rel=\"bookmark\">EP02 \u00b7 Hija de la coca<\/a><\/h3>\t\t\t\t\t\t<p>En Colombia, cultivar coca, la materia prima para la producci\u00f3n de la coca\u00edna, es una alternativa en medio de la pobreza y el abandono estatal\u2026<\/p>\n\t\t\t\t<a class=\"more-link\" href=\"https:\/\/insightcrime.org\/es\/audio-desde-el-terreno\/insight-crime-podcast-traduccion\/hija-de-la-coca-colombia-putumayo\/\" rel=\"bookmark\">\n\t\t\t\t\tMore about this episode\t\t\t\t<\/a>\n\t\t\t\t\t\t\t\t<div class=\"entry-meta\">\n\t\t\t\t\t<time class=\"entry-date published\" datetime=\"2024-02-28T12:07:32-05:00\">28 de febrero de 2024<\/time><time class=\"updated\" datetime=\"2024-08-30T16:53:55-05:00\">30 de agosto de 2024<\/time>\t\t\t\t<\/div><!-- .entry-meta -->\n\t\t\t\t\t\t\t\t<\/div><!-- .entry-wrapper -->\n\t<\/article>\n\n\t\t\n\t<article data-post-id=\"268398\"\n\t\tclass=\"tag-bolivia-pais tag-delitos-ambientales tag-trafico-de-madera category-insight-crime-espanol type-page post-has-image\"\n\t\t\t\t>\n\t\t\t\t\t\t\t<figure class=\"post-thumbnail\">\n\t\t\t\t\t\t\t\t<a href=\"https:\/\/insightcrime.org\/es\/audio-desde-el-terreno\/insight-crime-podcast-traduccion\/por-que-arde-bolivia\/\" rel=\"bookmark\" tabindex=\"-1\" aria-hidden=\"true\">\n\t\t\t\t\t\t\t\t\t\t\t\t<img loading=\"lazy\" decoding=\"async\" width=\"1200\" height=\"1200\" src=\"https:\/\/i0.wp.com\/insightcrime.org\/wp-content\/uploads\/2024\/02\/EP01-Why-bolivia-is-burning-portada.jpeg?resize=1200%2C1200&amp;quality=100&amp;ssl=1\" class=\"attachment-newspack-article-block-square-large size-newspack-article-block-square-large wp-post-image\" alt=\"EP01 \u00b7 \u00bfPor qu\u00e9 arde Bolivia?\" data-hero-candidate=\"1\" srcset=\"https:\/\/i0.wp.com\/insightcrime.org\/wp-content\/uploads\/2024\/02\/EP01-Why-bolivia-is-burning-portada.jpeg?w=1600&amp;quality=100&amp;ssl=1 1600w, https:\/\/i0.wp.com\/insightcrime.org\/wp-content\/uploads\/2024\/02\/EP01-Why-bolivia-is-burning-portada.jpeg?resize=300%2C300&amp;quality=100&amp;ssl=1 300w, https:\/\/i0.wp.com\/insightcrime.org\/wp-content\/uploads\/2024\/02\/EP01-Why-bolivia-is-burning-portada.jpeg?resize=1024%2C1024&amp;quality=100&amp;ssl=1 1024w, https:\/\/i0.wp.com\/insightcrime.org\/wp-content\/uploads\/2024\/02\/EP01-Why-bolivia-is-burning-portada.jpeg?resize=150%2C150&amp;quality=100&amp;ssl=1 150w, https:\/\/i0.wp.com\/insightcrime.org\/wp-content\/uploads\/2024\/02\/EP01-Why-bolivia-is-burning-portada.jpeg?resize=768%2C768&amp;quality=100&amp;ssl=1 768w, https:\/\/i0.wp.com\/insightcrime.org\/wp-content\/uploads\/2024\/02\/EP01-Why-bolivia-is-burning-portada.jpeg?resize=1536%2C1536&amp;quality=100&amp;ssl=1 1536w, https:\/\/i0.wp.com\/insightcrime.org\/wp-content\/uploads\/2024\/02\/EP01-Why-bolivia-is-burning-portada.jpeg?resize=1200%2C1200&amp;quality=100&amp;ssl=1 1200w, https:\/\/i0.wp.com\/insightcrime.org\/wp-content\/uploads\/2024\/02\/EP01-Why-bolivia-is-burning-portada.jpeg?resize=800%2C800&amp;quality=100&amp;ssl=1 800w, https:\/\/i0.wp.com\/insightcrime.org\/wp-content\/uploads\/2024\/02\/EP01-Why-bolivia-is-burning-portada.jpeg?resize=600%2C600&amp;quality=100&amp;ssl=1 600w, https:\/\/i0.wp.com\/insightcrime.org\/wp-content\/uploads\/2024\/02\/EP01-Why-bolivia-is-burning-portada.jpeg?resize=400%2C400&amp;quality=100&amp;ssl=1 400w, https:\/\/i0.wp.com\/insightcrime.org\/wp-content\/uploads\/2024\/02\/EP01-Why-bolivia-is-burning-portada.jpeg?resize=200%2C200&amp;quality=100&amp;ssl=1 200w, https:\/\/i0.wp.com\/insightcrime.org\/wp-content\/uploads\/2024\/02\/EP01-Why-bolivia-is-burning-portada.jpeg?resize=1568%2C1568&amp;quality=100&amp;ssl=1 1568w, https:\/\/i0.wp.com\/insightcrime.org\/wp-content\/uploads\/2024\/02\/EP01-Why-bolivia-is-burning-portada.jpeg?resize=706%2C706&amp;quality=100&amp;ssl=1 706w, https:\/\/i0.wp.com\/insightcrime.org\/wp-content\/uploads\/2024\/02\/EP01-Why-bolivia-is-burning-portada.jpeg?resize=100%2C100&amp;quality=100&amp;ssl=1 100w, https:\/\/i0.wp.com\/insightcrime.org\/wp-content\/uploads\/2024\/02\/EP01-Why-bolivia-is-burning-portada.jpeg?resize=1200%2C1200&amp;quality=100&amp;ssl=1&amp;w=370 370w\" sizes=\"auto, (max-width: 34.9rem) calc(100vw - 2rem), (max-width: 53rem) calc(8 * (100vw \/ 12)), (min-width: 53rem) calc(6 * (100vw \/ 12)), 100vw\" \/>\t\t\t\t\t\t\t\t\t\t\t\t<\/a>\n\t\t\t\t\n\t\t\t\t\t\t\t<\/figure><!-- .featured-image -->\n\t\t\n\t\t<div class=\"entry-wrapper\">\n\t\t\t\t\t\t<h3 class=\"entry-title\"><a href=\"https:\/\/insightcrime.org\/es\/audio-desde-el-terreno\/insight-crime-podcast-traduccion\/por-que-arde-bolivia\/\" rel=\"bookmark\">EP01 \u00b7 \u00bfPor qu\u00e9 arde Bolivia?<\/a><\/h3>\t\t\t\t\t\t<p>Esta es una traducci\u00f3n de la transcripci\u00f3n de Why Bolivia is Burning: Behind the wildfires in the Bolivian Amazon, primer episodio del Podcast InSight Crime.\u2026<\/p>\n\t\t\t\t<a class=\"more-link\" href=\"https:\/\/insightcrime.org\/es\/audio-desde-el-terreno\/insight-crime-podcast-traduccion\/por-que-arde-bolivia\/\" rel=\"bookmark\">\n\t\t\t\t\tMore about this episode\t\t\t\t<\/a>\n\t\t\t\t\t\t\t\t<div class=\"entry-meta\">\n\t\t\t\t\t<time class=\"entry-date published\" datetime=\"2024-02-14T08:51:07-05:00\">14 de febrero de 2024<\/time><time class=\"updated\" datetime=\"2024-08-30T16:55:08-05:00\">30 de agosto de 2024<\/time>\t\t\t\t<\/div><!-- .entry-meta -->\n\t\t\t\t\t\t\t\t<\/div><!-- .entry-wrapper -->\n\t<\/article>\n\n\t\t\t\t<\/div>\n\t\t\n\t<\/div>\n\t<\/div>\n<\/div>\n\n\n\n<div style=\"height:37px\" aria-hidden=\"true\" class=\"wp-block-spacer\"><\/div>\n\n\n\n<div class=\"wp-block-cover is-light has-parallax\" style=\"min-height:211px;aspect-ratio:unset;\"><div class=\"wp-block-cover__image-background wp-image-267354 has-parallax\" style=\"background-position:50% 50%;background-image:url(https:\/\/insightcrime-clone.newspackstaging.com\/wp-content\/uploads\/2024\/02\/mapa-latam-podcast-insight-crime-from-the-ground-up-solo-sin-texto.jpg)\"><\/div><span aria-hidden=\"true\" class=\"wp-block-cover__background has-secondary-background-color has-background-dim-90 has-background-dim\"><\/span><div class=\"wp-block-cover__inner-container is-layout-constrained wp-block-cover-is-layout-constrained\">\n<p class=\"has-text-align-center has-normal-font-size wp-block-paragraph\">Investigamos el crimen organizado y la corrupci\u00f3n desde el terreno. Nuestro trabajo es costoso y de alto riesgo. Por favor, considere apoyarnos con una donaci\u00f3n. <\/p>\n\n\n\n<div class=\"wp-block-buttons is-content-justification-center is-layout-flex wp-container-core-buttons-is-layout-fe48e5de wp-block-buttons-is-layout-flex\">\n<div class=\"wp-block-button\"><a class=\"wp-block-button__link has-background wp-element-button\" style=\"background-color:#ffb71b\">Donar<\/a><\/div>\n<\/div>\n<\/div><\/div>\n\n\n\n<div style=\"height:37px\" aria-hidden=\"true\" class=\"wp-block-spacer\"><\/div>\n\n\n\n<div class=\"wp-block-cover alignfull\"><img data-recalc-dims=\"1\" loading=\"lazy\" decoding=\"async\" width=\"1440\" height=\"260\" class=\"wp-block-cover__image-background wp-image-228121\" alt=\"\" src=\"https:\/\/i0.wp.com\/insightcrime.org\/wp-content\/uploads\/2023\/08\/image-50.png?resize=1440%2C260&#038;quality=100&#038;ssl=1\" data-object-fit=\"cover\" srcset=\"https:\/\/i0.wp.com\/insightcrime.org\/wp-content\/uploads\/2023\/08\/image-50.png?w=1440&amp;quality=100&amp;ssl=1 1440w, https:\/\/i0.wp.com\/insightcrime.org\/wp-content\/uploads\/2023\/08\/image-50.png?resize=300%2C54&amp;quality=100&amp;ssl=1 300w, https:\/\/i0.wp.com\/insightcrime.org\/wp-content\/uploads\/2023\/08\/image-50.png?resize=1024%2C185&amp;quality=100&amp;ssl=1 1024w, https:\/\/i0.wp.com\/insightcrime.org\/wp-content\/uploads\/2023\/08\/image-50.png?resize=768%2C139&amp;quality=100&amp;ssl=1 768w, https:\/\/i0.wp.com\/insightcrime.org\/wp-content\/uploads\/2023\/08\/image-50.png?resize=1200%2C217&amp;quality=100&amp;ssl=1 1200w, https:\/\/i0.wp.com\/insightcrime.org\/wp-content\/uploads\/2023\/08\/image-50.png?resize=400%2C72&amp;quality=100&amp;ssl=1 400w, https:\/\/i0.wp.com\/insightcrime.org\/wp-content\/uploads\/2023\/08\/image-50.png?w=370&amp;quality=100&amp;ssl=1 370w\" sizes=\"auto, (max-width: 1000px) 100vw, 1000px\" \/><span aria-hidden=\"true\" class=\"wp-block-cover__background has-background-dim-0 has-background-dim\"><\/span><div class=\"wp-block-cover__inner-container is-layout-constrained wp-block-cover-is-layout-constrained\">\n<p class=\"has-text-align-center has-large-font-size wp-block-paragraph\">Explore nuestras investigaciones<\/p>\n\n\n\n<div class=\"wp-block-buttons is-content-justification-center is-layout-flex wp-container-core-buttons-is-layout-fe48e5de wp-block-buttons-is-layout-flex\">\n<div class=\"wp-block-button is-style-fill\"><a class=\"wp-block-button__link has-white-color has-primary-background-color has-text-color has-background wp-element-button\" href=\"https:\/\/es.insightcrime.org\/investigaciones\/\">Explorar<\/a><\/div>\n<\/div>\n<\/div><\/div>\n","protected":false},"excerpt":{"rendered":"<p>Llevamos 15 a\u00f1os investigando el crimen organizado en Am\u00e9rica Latina desde la base. Ahora, en nuestro canal de audio, podr\u00e1s escuchar lo mejor de nuestro trabajo de investigaci\u00f3n y an\u00e1lisis: desde la Patagonia hasta el Valle del R\u00edo Grande, pasando por la cordillera de los Andes. Narrado por nuestros investigadores, pondremos de relieve el lado humano de esta lacra y explicaremos las complejidades de esta industria multifac\u00e9tica.<\/p>\n","protected":false},"author":92,"featured_media":347366,"parent":268433,"menu_order":0,"comment_status":"closed","ping_status":"closed","template":"single-wide.php","meta":{"newspack_ads_suppress_ads":false,"newspack_popups_has_disabled_popups":false,"newspack_sponsor_sponsorship_scope":"","newspack_sponsor_native_byline_display":"inherit","newspack_sponsor_native_category_display":"inherit","newspack_sponsor_underwriter_style":"inherit","newspack_sponsor_underwriter_placement":"inherit","_EventAllDay":false,"_EventTimezone":"","_EventStartDate":"","_EventEndDate":"","_EventStartDateUTC":"","_EventEndDateUTC":"","_EventShowMap":false,"_EventShowMapLink":false,"_EventURL":"","_EventCost":"","_EventCostDescription":"","_EventCurrencySymbol":"","_EventCurrencyCode":"","_EventCurrencyPosition":"","_EventDateTimeSeparator":"","_EventTimeRangeSeparator":"","_EventOrganizerID":[],"_EventVenueID":[],"_OrganizerEmail":"","_OrganizerPhone":"","_OrganizerWebsite":"","_VenueAddress":"","_VenueCity":"","_VenueCountry":"","_VenueProvince":"","_VenueState":"","_VenueZip":"","_VenuePhone":"","_VenueURL":"","_VenueStateProvince":"","_VenueLat":"","_VenueLng":"","_VenueShowMap":false,"_VenueShowMapLink":false,"newspack_featured_image_position":"hidden","newspack_hide_page_title":true,"newspack_show_share_buttons":false,"footnotes":""},"categories":[4517],"tags":[],"newspack_spnsrs_tax":[],"coauthors":[4335],"class_list":["post-268437","page","type-page","status-publish","has-post-thumbnail","hentry","category-audio-es","entry"],"parsely":{"version":"1.1.0","canonical_url":"https:\/\/insightcrime.org\/es\/audio-desde-el-terreno\/insight-crime-podcast-traduccion\/","smart_links":{"inbound":0,"outbound":0},"traffic_boost_suggestions_count":0,"meta":{"@context":"https:\/\/schema.org","@type":"WebPage","headline":"El p\u00f3dcast de InSight Crime","url":"http:\/\/insightcrime.org\/es\/audio-desde-el-terreno\/insight-crime-podcast-traduccion\/","mainEntityOfPage":{"@type":"WebPage","@id":"http:\/\/insightcrime.org\/es\/audio-desde-el-terreno\/insight-crime-podcast-traduccion\/"},"thumbnailUrl":"https:\/\/i0.wp.com\/insightcrime.org\/wp-content\/uploads\/2026\/07\/Portada-Podcast-InSight-Crime-Season-2-scaled.jpg?resize=150%2C150&quality=100&ssl=1","image":{"@type":"ImageObject","url":"https:\/\/i0.wp.com\/insightcrime.org\/wp-content\/uploads\/2026\/07\/Portada-Podcast-InSight-Crime-Season-2-scaled.jpg?fit=2495%2C2560&quality=100&ssl=1"},"articleSection":"Audio","author":[{"@type":"Person","name":"Elisa Rold\u00e1n"}],"creator":["Elisa Rold\u00e1n"],"publisher":{"@type":"Organization","name":"InSight Crime","logo":"https:\/\/insightcrime.org\/wp-content\/uploads\/2023\/08\/logo.png"},"keywords":[],"dateCreated":"2024-02-14T13:32:51Z","datePublished":"2024-02-14T13:32:51Z","dateModified":"2026-08-20T18:57:30Z"},"rendered":"<meta name=\"parsely-title\" content=\"El p\u00f3dcast de InSight Crime\" \/>\n<meta name=\"parsely-link\" content=\"http:\/\/insightcrime.org\/es\/audio-desde-el-terreno\/insight-crime-podcast-traduccion\/\" \/>\n<meta name=\"parsely-type\" content=\"index\" \/>\n<meta name=\"parsely-image-url\" content=\"https:\/\/i0.wp.com\/insightcrime.org\/wp-content\/uploads\/2026\/07\/Portada-Podcast-InSight-Crime-Season-2-scaled.jpg?resize=150%2C150&amp;quality=100&amp;ssl=1\" \/>\n<meta name=\"parsely-pub-date\" content=\"2024-02-14T13:32:51Z\" \/>\n<meta name=\"parsely-section\" content=\"Audio\" \/>\n<meta name=\"parsely-author\" content=\"Elisa Rold\u00e1n\" \/>","tracker_url":"https:\/\/cdn.parsely.com\/keys\/insightcrime.org\/p.js"},"jetpack_sharing_enabled":true,"jetpack-related-posts":[{"id":232668,"url":"https:\/\/insightcrime.org\/la-organizacion\/amplia-recepcion-de-nuestro-cubrimiento-sobre-venezuela\/","url_meta":{"origin":268437,"position":0},"title":"Amplia recepci\u00f3n de nuestro cubrimiento sobre Venezuela","author":"InSight Crime","date":"27 de mayo de 2023","format":false,"excerpt":"Varios de nuestros art\u00edculos sobre Venezuela han sido citados por diversos medios de comunicaci\u00f3n en la regi\u00f3n. Por un lado, nuestro cubrimiento sobre c\u00f3mo los colectivos se han ido involucrando en diversas econom\u00edas criminales en Venezuela ha sido reproducido por diversos medios venezolanos como La Patilla y El Teque\u00f1o. Adem\u00e1s,\u2026","rel":"","context":"En \u00abLa Organizaci\u00f3n\u00bb","block_context":{"text":"La Organizaci\u00f3n","link":"https:\/\/insightcrime.org\/es\/category\/la-organizacion\/"},"img":{"alt_text":"","src":"https:\/\/i0.wp.com\/insightcrime.org\/wp-content\/uploads\/2023\/09\/Newsletter-Impact-Mayo-25-2023-1.jpg?fit=1200%2C690&quality=100&ssl=1&resize=350%2C200","width":350,"height":200,"srcset":"https:\/\/i0.wp.com\/insightcrime.org\/wp-content\/uploads\/2023\/09\/Newsletter-Impact-Mayo-25-2023-1.jpg?fit=1200%2C690&quality=100&ssl=1&resize=350%2C200 1x, https:\/\/i0.wp.com\/insightcrime.org\/wp-content\/uploads\/2023\/09\/Newsletter-Impact-Mayo-25-2023-1.jpg?fit=1200%2C690&quality=100&ssl=1&resize=525%2C300 1.5x, https:\/\/i0.wp.com\/insightcrime.org\/wp-content\/uploads\/2023\/09\/Newsletter-Impact-Mayo-25-2023-1.jpg?fit=1200%2C690&quality=100&ssl=1&resize=700%2C400 2x, https:\/\/i0.wp.com\/insightcrime.org\/wp-content\/uploads\/2023\/09\/Newsletter-Impact-Mayo-25-2023-1.jpg?fit=1200%2C690&quality=100&ssl=1&resize=1050%2C600 3x"},"classes":[]},{"id":210755,"url":"https:\/\/insightcrime.org\/es\/la-organizacion\/insight-crime-en-el-podcast-de-el-pais\/","url_meta":{"origin":268437,"position":1},"title":"InSight Crime en el podcast de El Pa\u00eds","author":"InSight Crime","date":"10 de febrero de 2023","format":false,"excerpt":"Esta semana, Jeremy McDermott, cofundador de InSight Crime, fue uno de los expertos invitados a\u00a0un podcast de El Pa\u00eds\u00a0sobre los avances del naciente proceso de paz en Colombia. Lea nuestro an\u00e1lisis del proceso de paz en Colombia > El director editorial de InSight Crime, Chris Dalby, intervino en\u00a0el podcast Shaun\u2026","rel":"","context":"En \u00abLa Organizaci\u00f3n\u00bb","block_context":{"text":"La Organizaci\u00f3n","link":"https:\/\/insightcrime.org\/es\/category\/la-organizacion\/"},"img":{"alt_text":"","src":"https:\/\/i0.wp.com\/insightcrime.org\/wp-content\/uploads\/2023\/02\/Impacto-9-Feb.jpg?fit=1200%2C690&quality=100&ssl=1&resize=350%2C200","width":350,"height":200,"srcset":"https:\/\/i0.wp.com\/insightcrime.org\/wp-content\/uploads\/2023\/02\/Impacto-9-Feb.jpg?fit=1200%2C690&quality=100&ssl=1&resize=350%2C200 1x, https:\/\/i0.wp.com\/insightcrime.org\/wp-content\/uploads\/2023\/02\/Impacto-9-Feb.jpg?fit=1200%2C690&quality=100&ssl=1&resize=525%2C300 1.5x, https:\/\/i0.wp.com\/insightcrime.org\/wp-content\/uploads\/2023\/02\/Impacto-9-Feb.jpg?fit=1200%2C690&quality=100&ssl=1&resize=700%2C400 2x, https:\/\/i0.wp.com\/insightcrime.org\/wp-content\/uploads\/2023\/02\/Impacto-9-Feb.jpg?fit=1200%2C690&quality=100&ssl=1&resize=1050%2C600 3x"},"classes":[]},{"id":348416,"url":"https:\/\/insightcrime.org\/es\/noticias\/fracturado-futuro-cartel-sinaloa\/","url_meta":{"origin":268437,"position":2},"title":"El fracturado futuro del Cartel de Sinaloa","author":"InSight Crime","date":"5 de agosto de 2026","format":false,"excerpt":"El Cartel de Sinaloa alguna vez domin\u00f3 el mundo criminal. Ahora est\u00e1 en guerra consigo mismo. Conozca c\u00f3mo una supuesta traici\u00f3n desat\u00f3 una sangrienta lucha por el poder que est\u00e1 redibujando el panorama criminal de M\u00e9xico y dejando vac\u00edos en los que pueden crecer grupos rivales.","rel":"","context":"En \u00abNoticias\u00bb","block_context":{"text":"Noticias","link":"https:\/\/insightcrime.org\/es\/category\/noticias\/"},"img":{"alt_text":"","src":"https:\/\/i0.wp.com\/insightcrime.org\/wp-content\/uploads\/2026\/08\/Cover3-Summer-InSights-2026.jpg?fit=1200%2C675&quality=100&ssl=1&resize=350%2C200","width":350,"height":200,"srcset":"https:\/\/i0.wp.com\/insightcrime.org\/wp-content\/uploads\/2026\/08\/Cover3-Summer-InSights-2026.jpg?fit=1200%2C675&quality=100&ssl=1&resize=350%2C200 1x, https:\/\/i0.wp.com\/insightcrime.org\/wp-content\/uploads\/2026\/08\/Cover3-Summer-InSights-2026.jpg?fit=1200%2C675&quality=100&ssl=1&resize=525%2C300 1.5x, https:\/\/i0.wp.com\/insightcrime.org\/wp-content\/uploads\/2026\/08\/Cover3-Summer-InSights-2026.jpg?fit=1200%2C675&quality=100&ssl=1&resize=700%2C400 2x, https:\/\/i0.wp.com\/insightcrime.org\/wp-content\/uploads\/2026\/08\/Cover3-Summer-InSights-2026.jpg?fit=1200%2C675&quality=100&ssl=1&resize=1050%2C600 3x"},"classes":[]},{"id":232651,"url":"https:\/\/insightcrime.org\/la-organizacion\/insight-crime-participa-en-foro-de-la-onudd\/","url_meta":{"origin":268437,"position":3},"title":"InSight Crime participa en foro de la ONUDD","author":"InSight Crime","date":"9 de junio de 2023","format":false,"excerpt":"Esta semana, Steven Dudley, codirector de InSight Crime, y Juan Diego Posada, editor e investigador de la fundaci\u00f3n, participaron en el foro de la Oficina de las Naciones Unidas contra la Droga y el Delito (ONUDD), \u201cCoca\u00edna en las Am\u00e9ricas en 2023: evidencias, hip\u00f3tesis y respuestas\u201d. Lea nuestro cubrimiento sobre\u2026","rel":"","context":"En \u00abLa Organizaci\u00f3n\u00bb","block_context":{"text":"La Organizaci\u00f3n","link":"https:\/\/insightcrime.org\/es\/category\/la-organizacion\/"},"img":{"alt_text":"","src":"https:\/\/i0.wp.com\/insightcrime.org\/wp-content\/uploads\/2023\/09\/Impacto-Image-InSight-Crime-Jun-9-2023-Esp.png?fit=1200%2C600&quality=100&ssl=1&resize=350%2C200","width":350,"height":200,"srcset":"https:\/\/i0.wp.com\/insightcrime.org\/wp-content\/uploads\/2023\/09\/Impacto-Image-InSight-Crime-Jun-9-2023-Esp.png?fit=1200%2C600&quality=100&ssl=1&resize=350%2C200 1x, https:\/\/i0.wp.com\/insightcrime.org\/wp-content\/uploads\/2023\/09\/Impacto-Image-InSight-Crime-Jun-9-2023-Esp.png?fit=1200%2C600&quality=100&ssl=1&resize=525%2C300 1.5x, https:\/\/i0.wp.com\/insightcrime.org\/wp-content\/uploads\/2023\/09\/Impacto-Image-InSight-Crime-Jun-9-2023-Esp.png?fit=1200%2C600&quality=100&ssl=1&resize=700%2C400 2x, https:\/\/i0.wp.com\/insightcrime.org\/wp-content\/uploads\/2023\/09\/Impacto-Image-InSight-Crime-Jun-9-2023-Esp.png?fit=1200%2C600&quality=100&ssl=1&resize=1050%2C600 3x"},"classes":[]},{"id":232731,"url":"https:\/\/insightcrime.org\/es\/la-organizacion\/insight-crime-es-citado-en-informes-de-la-oea-y-caricom\/","url_meta":{"origin":268437,"position":4},"title":"InSight Crime es citado en informes de la OEA y CARICOM","author":"InSight Crime","date":"28 de abril de 2023","format":false,"excerpt":"Esta semana, el trabajo de InSight Crime fue citado nueve veces en un\u00a0informe\u00a0de la Organizaci\u00f3n de los Estados Americanos (OEA) titulado \u201cImpacto del crimen organizado en mujeres, ni\u00f1as y adolescentes\u201d.\u00a0 \u00a0 El informe utiliz\u00f3 apartes de nuestra investigaci\u00f3n \u201cMujeres y crimen\u00a0organizado en Am\u00e9rica Latina: m\u00e1s que v\u00edctimas y victimarias\u201d, as\u00ed\u2026","rel":"","context":"En \u00abLa Organizaci\u00f3n\u00bb","block_context":{"text":"La Organizaci\u00f3n","link":"https:\/\/insightcrime.org\/es\/category\/la-organizacion\/"},"img":{"alt_text":"","src":"https:\/\/i0.wp.com\/insightcrime.org\/wp-content\/uploads\/2023\/09\/Impact-27-April.gif?fit=1200%2C690&quality=100&ssl=1&resize=350%2C200","width":350,"height":200,"srcset":"https:\/\/i0.wp.com\/insightcrime.org\/wp-content\/uploads\/2023\/09\/Impact-27-April.gif?fit=1200%2C690&quality=100&ssl=1&resize=350%2C200 1x, https:\/\/i0.wp.com\/insightcrime.org\/wp-content\/uploads\/2023\/09\/Impact-27-April.gif?fit=1200%2C690&quality=100&ssl=1&resize=525%2C300 1.5x, https:\/\/i0.wp.com\/insightcrime.org\/wp-content\/uploads\/2023\/09\/Impact-27-April.gif?fit=1200%2C690&quality=100&ssl=1&resize=700%2C400 2x, https:\/\/i0.wp.com\/insightcrime.org\/wp-content\/uploads\/2023\/09\/Impact-27-April.gif?fit=1200%2C690&quality=100&ssl=1&resize=1050%2C600 3x"},"classes":[]},{"id":213942,"url":"https:\/\/insightcrime.org\/es\/la-organizacion\/investigadores-de-insight-crime-entrevistados\/","url_meta":{"origin":268437,"position":5},"title":"Investigadores de InSight Crime entrevistados","author":"InSight Crime","date":"7 de abril de 2023","format":false,"excerpt":"Douwe den Held, investigador s\u00e9nior de InSight Crime, fue entrevistado esta semana por el diario chileno\u00a0El Mercurio. Den Held habl\u00f3 sobre la din\u00e1mica de las bandas en Medell\u00edn (Colombia) y de los m\u00e9todos utilizados por las autoridades policiales de la ciudad para combatir la delincuencia organizada. Lea nuestro cubrimiento de\u2026","rel":"","context":"En \u00abLa Organizaci\u00f3n\u00bb","block_context":{"text":"La Organizaci\u00f3n","link":"https:\/\/insightcrime.org\/es\/category\/la-organizacion\/"},"img":{"alt_text":"","src":"https:\/\/i0.wp.com\/insightcrime.org\/wp-content\/uploads\/2023\/04\/Impacto-Image-InSight-Crime-Abril7.png?fit=1200%2C600&quality=100&ssl=1&resize=350%2C200","width":350,"height":200,"srcset":"https:\/\/i0.wp.com\/insightcrime.org\/wp-content\/uploads\/2023\/04\/Impacto-Image-InSight-Crime-Abril7.png?fit=1200%2C600&quality=100&ssl=1&resize=350%2C200 1x, https:\/\/i0.wp.com\/insightcrime.org\/wp-content\/uploads\/2023\/04\/Impacto-Image-InSight-Crime-Abril7.png?fit=1200%2C600&quality=100&ssl=1&resize=525%2C300 1.5x, https:\/\/i0.wp.com\/insightcrime.org\/wp-content\/uploads\/2023\/04\/Impacto-Image-InSight-Crime-Abril7.png?fit=1200%2C600&quality=100&ssl=1&resize=700%2C400 2x, https:\/\/i0.wp.com\/insightcrime.org\/wp-content\/uploads\/2023\/04\/Impacto-Image-InSight-Crime-Abril7.png?fit=1200%2C600&quality=100&ssl=1&resize=1050%2C600 3x"},"classes":[]}],"_links":{"self":[{"href":"https:\/\/insightcrime.org\/es\/wp-json\/wp\/v2\/pages\/268437","targetHints":{"allow":["GET"]}}],"collection":[{"href":"https:\/\/insightcrime.org\/es\/wp-json\/wp\/v2\/pages"}],"about":[{"href":"https:\/\/insightcrime.org\/es\/wp-json\/wp\/v2\/types\/page"}],"author":[{"embeddable":true,"href":"https:\/\/insightcrime.org\/es\/wp-json\/wp\/v2\/users\/92"}],"replies":[{"embeddable":true,"href":"https:\/\/insightcrime.org\/es\/wp-json\/wp\/v2\/comments?post=268437"}],"version-history":[{"count":30,"href":"https:\/\/insightcrime.org\/es\/wp-json\/wp\/v2\/pages\/268437\/revisions"}],"predecessor-version":[{"id":349402,"href":"https:\/\/insightcrime.org\/es\/wp-json\/wp\/v2\/pages\/268437\/revisions\/349402"}],"up":[{"embeddable":true,"href":"https:\/\/insightcrime.org\/es\/wp-json\/wp\/v2\/pages\/268433"}],"wp:featuredmedia":[{"embeddable":true,"href":"https:\/\/insightcrime.org\/es\/wp-json\/wp\/v2\/media\/347366"}],"wp:attachment":[{"href":"https:\/\/insightcrime.org\/es\/wp-json\/wp\/v2\/media?parent=268437"}],"wp:term":[{"taxonomy":"category","embeddable":true,"href":"https:\/\/insightcrime.org\/es\/wp-json\/wp\/v2\/categories?post=268437"},{"taxonomy":"post_tag","embeddable":true,"href":"https:\/\/insightcrime.org\/es\/wp-json\/wp\/v2\/tags?post=268437"},{"taxonomy":"newspack_spnsrs_tax","embeddable":true,"href":"https:\/\/insightcrime.org\/es\/wp-json\/wp\/v2\/newspack_spnsrs_tax?post=268437"},{"taxonomy":"author","embeddable":true,"href":"https:\/\/insightcrime.org\/es\/wp-json\/wp\/v2\/coauthors?post=268437"}],"curies":[{"name":"wp","href":"https:\/\/api.w.org\/{rel}","templated":true}]}}