{"id":286256,"date":"2024-07-31T16:03:56","date_gmt":"2024-07-31T21:03:56","guid":{"rendered":"https:\/\/insightcrime.org\/?page_id=286256"},"modified":"2024-07-31T16:12:34","modified_gmt":"2024-07-31T21:12:34","slug":"caida-pandillas-el-salvador-costos","status":"publish","type":"page","link":"https:\/\/insightcrime.org\/es\/noticias\/series-especiales\/caida-pandillas-el-salvador-costos\/","title":{"rendered":"Serie especial: La ca\u00edda de las pandillas en El Salvador, y sus costos"},"content":{"rendered":"\t<div\n\t\tclass=\"wp-block-newspack-blocks-homepage-articles wpnbha show-image image-alignleft ts-3 is-1 is-landscape \"\n\t\tstyle=\"\"\n\t\t>\n\t\t<div data-posts data-current-post-id=\"286256\">\n\t\t\t\t\t\t\t<h2 class=\"article-section-title\">\n\t\t\t\t\t<span>\u00daltimo art\u00edculo<\/span>\n\t\t\t\t<\/h2>\n\t\t\t\t\t\t\n\t<article data-post-id=\"319239\"\n\t\tclass=\"tag-el-salvador-pais tag-insight-take-es tag-ms13-es tag-series-represion-pandillas-salvador tag-video-es category-noticias type-post post-has-image\"\n\t\t\t\t>\n\t\t\t\t\t\t\t<figure class=\"post-thumbnail\">\n\t\t\t\t\t\t\t\t<a href=\"https:\/\/insightcrime.org\/es\/noticias\/video-estan-justificadas-las-declaraciones-del-presidente-bukele-sobre-los-logros-en-seguridad\/\" rel=\"bookmark\" tabindex=\"-1\" aria-hidden=\"true\">\n\t\t\t\t\t\t\t\t\t\t\t\t<img loading=\"lazy\" decoding=\"async\" width=\"200\" height=\"150\" src=\"https:\/\/i0.wp.com\/insightcrime.org\/wp-content\/uploads\/2025\/09\/El-Salvador-1.png?resize=200%2C150&amp;quality=100&amp;ssl=1\" class=\"attachment-newspack-article-block-landscape-tiny size-newspack-article-block-landscape-tiny wp-post-image\" alt=\"Video: \u00bfEst\u00e1n justificadas las declaraciones del presidente Bukele sobre los logros en seguridad?\" data-hero-candidate=\"1\" srcset=\"https:\/\/i0.wp.com\/insightcrime.org\/wp-content\/uploads\/2025\/09\/El-Salvador-1.png?resize=200%2C150&amp;quality=100&amp;ssl=1 200w, https:\/\/i0.wp.com\/insightcrime.org\/wp-content\/uploads\/2025\/09\/El-Salvador-1.png?resize=200%2C150&amp;quality=100&amp;ssl=1&amp;w=370 370w, https:\/\/i0.wp.com\/insightcrime.org\/wp-content\/uploads\/2025\/09\/El-Salvador-1.png?resize=200%2C150&amp;quality=100&amp;ssl=1&amp;w=400 400w\" sizes=\"auto, (max-width: 34.9rem) calc(100vw - 2rem), (max-width: 53rem) calc(8 * (100vw \/ 12)), (min-width: 53rem) calc(6 * (100vw \/ 12)), 100vw\" \/>\t\t\t\t\t\t\t\t\t\t\t\t<\/a>\n\t\t\t\t\n\t\t\t\t\t\t\t<\/figure><!-- .featured-image -->\n\t\t\n\t\t<div class=\"entry-wrapper\">\n\t\t\t\t\t\t<h3 class=\"entry-title\"><a href=\"https:\/\/insightcrime.org\/es\/noticias\/video-estan-justificadas-las-declaraciones-del-presidente-bukele-sobre-los-logros-en-seguridad\/\" rel=\"bookmark\">Video: \u00bfEst\u00e1n justificadas las declaraciones del presidente Bukele sobre los logros en seguridad?<\/a><\/h3>\t\t\t\t\t\t<p>El presidente de El Salvador, Nayib Bukele, est\u00e1 celebrando mil d\u00edas sin homicidios desde que asumi\u00f3 el poder en 2019. Pero, \u00bfqu\u00e9 significa exactamente esto? \u00bfExisten razones\u2026<\/p>\n\t\t\t\t<div class=\"entry-meta\">\n\t\t\t\t\t\t\t\t\t\t\t<span class=\"byline\">\n\t\t\t\t\t\t\t<span class=\"author-prefix\">por<\/span> <span class=\"author vcard\"><a class=\"url fn n\" href=\"https:\/\/insightcrime.org\/es\/author\/dbonello\/\">Deborah Bonello<\/a><\/span>\t\t\t\t\t\t<\/span><!-- .author-name -->\n\t\t\t\t\t\t<time class=\"entry-date published\" datetime=\"2025-09-03T14:28:08-05:00\">3 de septiembre de 2025<\/time><time class=\"updated\" datetime=\"2025-09-03T14:28:23-05:00\">3 de septiembre de 2025<\/time>\t\t\t\t<\/div><!-- .entry-meta -->\n\t\t\t\t\t\t\t\t<\/div><!-- .entry-wrapper -->\n\t<\/article>\n\n\t\t\t\t<\/div>\n\t\t\n\t<\/div>\n\t\n\n\n<hr class=\"wp-block-separator has-alpha-channel-opacity is-style-wide\"\/>\n\n\n\n<p class=\"wp-block-paragraph\">En marzo de 2022, el presidente de El Salvador, Nayib Bukele, decret\u00f3 el estado de emergencia en respuesta a una brutal masacre de pandillas que dej\u00f3 87 muertos. Lo que vino despu\u00e9s fue una represi\u00f3n tan feroz que tom\u00f3 por sorpresa a las pandillas del pa\u00eds.<\/p>\n\n\n\n<p class=\"wp-block-paragraph\">Tras d\u00e9cadas controlando el panorama criminal urbano del pa\u00eds, la Mara Salvatrucha (<a href=\"https:\/\/insightcrime.org\/es\/noticias-crimen-organizado-el-salvador\/mara-salvatrucha-ms-13-perfil\/\" target=\"_blank\" rel=\"noreferrer noopener\">MS13<\/a>) y el <a href=\"https:\/\/insightcrime.org\/es\/noticias-crimen-organizado-el-salvador\/barrio-18-perfil-2\/\" target=\"_blank\" rel=\"noreferrer noopener\">Barrio 18<\/a> han sido pr\u00e1cticamente desmantelados. Sin embargo, la medida ha pasado factura a El Salvador. Alrededor del 2% de la poblaci\u00f3n del pa\u00eds ha sido encarcelada y las denuncias de abusos de derechos humanos se han vuelto habituales.<\/p>\n\n\n\n<p class=\"wp-block-paragraph\">En esta serie especial, InSight Crime sigue de cerca el estado de excepci\u00f3n decretado por el gobierno salvadore\u00f1o y el incierto futuro de las pandillas MS13 y Barrio 18.<\/p>\n\n\n\n<div class=\"wp-block-buttons is-layout-flex wp-block-buttons-is-layout-flex\">\n<div class=\"wp-block-button\"><a class=\"wp-block-button__link wp-element-button\" href=\"#articles\">Art\u00edculos en esta serie<\/a><\/div>\n\n\n\n<div class=\"wp-block-button\"><a class=\"wp-block-button__link wp-element-button\" href=\"#criminal-profiles\">Perfiles criminales<\/a><\/div>\n\n\n\n<div class=\"wp-block-button\"><a class=\"wp-block-button__link wp-element-button\" href=\"#all-coverage\">Todo sobre El Salvador<\/a><\/div>\n<\/div>\n\n\n\n<div style=\"height:4px\" aria-hidden=\"true\" id=\"articles\" class=\"wp-block-spacer\"><\/div>\n\n\n\t<div\n\t\tclass=\"wp-block-newspack-blocks-homepage-articles wpnbha is-grid columns-3 colgap-3 show-image image-aligntop ts-2 is-1 is-landscape show-category  has-more-button\"\n\t\tstyle=\"\"\n\t\t>\n\t\t<div data-posts data-current-post-id=\"286256\">\n\t\t\t\t\t\t\t<h2 class=\"article-section-title\">\n\t\t\t\t\t<span>Art\u00edculos en esta serie<\/span>\n\t\t\t\t<\/h2>\n\t\t\t\t\t\t\n\t<article data-post-id=\"319239\"\n\t\tclass=\"tag-el-salvador-pais tag-insight-take-es tag-ms13-es tag-series-represion-pandillas-salvador tag-video-es category-noticias type-post post-has-image\"\n\t\t\t\t>\n\t\t\t\t\t\t\t<figure class=\"post-thumbnail\">\n\t\t\t\t\t\t\t\t<a href=\"https:\/\/insightcrime.org\/es\/noticias\/video-estan-justificadas-las-declaraciones-del-presidente-bukele-sobre-los-logros-en-seguridad\/\" rel=\"bookmark\" tabindex=\"-1\" aria-hidden=\"true\">\n\t\t\t\t\t\t\t\t\t\t\t\t<img loading=\"lazy\" decoding=\"async\" width=\"200\" height=\"150\" src=\"https:\/\/i0.wp.com\/insightcrime.org\/wp-content\/uploads\/2025\/09\/El-Salvador-1.png?resize=200%2C150&amp;quality=100&amp;ssl=1\" class=\"attachment-newspack-article-block-landscape-tiny size-newspack-article-block-landscape-tiny wp-post-image\" alt=\"Video: \u00bfEst\u00e1n justificadas las declaraciones del presidente Bukele sobre los logros en seguridad?\" data-hero-candidate=\"1\" srcset=\"https:\/\/i0.wp.com\/insightcrime.org\/wp-content\/uploads\/2025\/09\/El-Salvador-1.png?resize=200%2C150&amp;quality=100&amp;ssl=1 200w, https:\/\/i0.wp.com\/insightcrime.org\/wp-content\/uploads\/2025\/09\/El-Salvador-1.png?resize=200%2C150&amp;quality=100&amp;ssl=1&amp;w=370 370w, https:\/\/i0.wp.com\/insightcrime.org\/wp-content\/uploads\/2025\/09\/El-Salvador-1.png?resize=200%2C150&amp;quality=100&amp;ssl=1&amp;w=400 400w\" sizes=\"auto, (max-width: 34.9rem) calc(100vw - 2rem), (max-width: 53rem) calc(8 * (100vw \/ 12)), (min-width: 53rem) calc(6 * (100vw \/ 12)), 100vw\" \/>\t\t\t\t\t\t\t\t\t\t\t\t<\/a>\n\t\t\t\t\n\t\t\t\t\t\t\t<\/figure><!-- .featured-image -->\n\t\t\n\t\t<div class=\"entry-wrapper\">\n\t\t\t\t\t\t\n\t\t\t\t<div class=\"cat-links \">\n\t\t\t\t\t<a href=\"https:\/\/insightcrime.org\/es\/category\/noticias\/\">Noticias<\/a>\t\t\t\t\t<a class=\"newspack-featured-tag\" href=\"https:\/\/insightcrime.org\/es\/tag\/video-es\/\">\n\t\t\t\t\t\tVideo\t\t\t\t\t<\/a>\n\t\t\t\t\t\t\t\t<\/div>\n\t\t\t\t<h3 class=\"entry-title\"><a href=\"https:\/\/insightcrime.org\/es\/noticias\/video-estan-justificadas-las-declaraciones-del-presidente-bukele-sobre-los-logros-en-seguridad\/\" rel=\"bookmark\">Video: \u00bfEst\u00e1n justificadas las declaraciones del presidente Bukele sobre los logros en seguridad?<\/a><\/h3>\t\t\t\t\t\t\t\t\t\t<div class=\"entry-meta\">\n\t\t\t\t\t<time class=\"entry-date published\" datetime=\"2025-09-03T14:28:08-05:00\">3 de septiembre de 2025<\/time><time class=\"updated\" datetime=\"2025-09-03T14:28:23-05:00\">3 de septiembre de 2025<\/time>\t\t\t\t<\/div><!-- .entry-meta -->\n\t\t\t\t\t\t\t\t<\/div><!-- .entry-wrapper -->\n\t<\/article>\n\n\t\t\n\t<article data-post-id=\"318101\"\n\t\tclass=\"tag-destacado tag-el-salvador-pais tag-destacado tag-historias-narradas tag-politicas-de-seguridad tag-series-represion-pandillas-salvador category-audio-es category-investigaciones type-page post-has-image\"\n\t\t\t\t>\n\t\t\t\t\t\t\t<figure class=\"post-thumbnail\">\n\t\t\t\t\t\t\t\t<a href=\"https:\/\/insightcrime.org\/es\/investigaciones\/abusado-perseguido-como-regimen-excepcion-el-salvador-vuelto-internacional\/\" rel=\"bookmark\" tabindex=\"-1\" aria-hidden=\"true\">\n\t\t\t\t\t\t\t\t\t\t\t\t<img loading=\"lazy\" decoding=\"async\" width=\"800\" height=\"600\" src=\"https:\/\/i0.wp.com\/insightcrime.org\/wp-content\/uploads\/2025\/08\/Cover-persecucion-en-el-Salvador-InSight-Crime-Agosto-2025.jpg?resize=800%2C600&amp;quality=100&amp;ssl=1\" class=\"attachment-newspack-article-block-landscape-medium size-newspack-article-block-landscape-medium wp-post-image\" alt=\"Abusado y perseguido: c\u00f3mo el r\u00e9gimen de excepci\u00f3n de El Salvador se internacionaliz\u00f3\" data-hero-candidate=\"1\" srcset=\"https:\/\/i0.wp.com\/insightcrime.org\/wp-content\/uploads\/2025\/08\/Cover-persecucion-en-el-Salvador-InSight-Crime-Agosto-2025.jpg?resize=800%2C600&amp;quality=100&amp;ssl=1 800w, https:\/\/i0.wp.com\/insightcrime.org\/wp-content\/uploads\/2025\/08\/Cover-persecucion-en-el-Salvador-InSight-Crime-Agosto-2025.jpg?resize=600%2C450&amp;quality=100&amp;ssl=1 600w, https:\/\/i0.wp.com\/insightcrime.org\/wp-content\/uploads\/2025\/08\/Cover-persecucion-en-el-Salvador-InSight-Crime-Agosto-2025.jpg?resize=400%2C300&amp;quality=100&amp;ssl=1 400w, https:\/\/i0.wp.com\/insightcrime.org\/wp-content\/uploads\/2025\/08\/Cover-persecucion-en-el-Salvador-InSight-Crime-Agosto-2025.jpg?resize=200%2C150&amp;quality=100&amp;ssl=1 200w, https:\/\/i0.wp.com\/insightcrime.org\/wp-content\/uploads\/2025\/08\/Cover-persecucion-en-el-Salvador-InSight-Crime-Agosto-2025.jpg?resize=800%2C600&amp;quality=100&amp;ssl=1&amp;w=370 370w\" sizes=\"auto, (max-width: 34.9rem) calc(100vw - 2rem), (max-width: 53rem) calc(8 * (100vw \/ 12)), (min-width: 53rem) calc(6 * (100vw \/ 12)), 100vw\" \/>\t\t\t\t\t\t\t\t\t\t\t\t<\/a>\n\t\t\t\t\n\t\t\t\t\t\t\t<\/figure><!-- .featured-image -->\n\t\t\n\t\t<div class=\"entry-wrapper\">\n\t\t\t\t\t\t\n\t\t\t\t<div class=\"cat-links \">\n\t\t\t\t\t<a href=\"https:\/\/insightcrime.org\/es\/category\/investigaciones\/\">Investigaciones<\/a>\t\t\t\t\t<a class=\"newspack-featured-tag\" href=\"https:\/\/insightcrime.org\/es\/tag\/el-salvador-pais\/\">\n\t\t\t\t\t\tEl Salvador\t\t\t\t\t<\/a>\n\t\t\t\t\t\t\t\t<\/div>\n\t\t\t\t<h3 class=\"entry-title\"><a href=\"https:\/\/insightcrime.org\/es\/investigaciones\/abusado-perseguido-como-regimen-excepcion-el-salvador-vuelto-internacional\/\" rel=\"bookmark\">Abusado y perseguido: c\u00f3mo el r\u00e9gimen de excepci\u00f3n de El Salvador se internacionaliz\u00f3<\/a><\/h3>\t\t\t\t\t\t\t\t\t\t<div class=\"entry-meta\">\n\t\t\t\t\t<time class=\"entry-date published\" datetime=\"2025-08-20T10:49:13-05:00\">20 de agosto de 2025<\/time><time class=\"updated\" datetime=\"2026-06-22T10:19:11-05:00\">22 de junio de 2026<\/time>\t\t\t\t<\/div><!-- .entry-meta -->\n\t\t\t\t\t\t\t\t<\/div><!-- .entry-wrapper -->\n\t<\/article>\n\n\t\t\n\t<article data-post-id=\"294587\"\n\t\tclass=\"tag-chile-pais tag-derechos-humanos tag-ecuador-pais tag-el-salvador-pais tag-haiti-pais tag-honduras-pais tag-jamaica-pais tag-peru-pais tag-politicas-de-seguridad tag-series-represion-pandillas-salvador tag-series-represion-pandillas-honduras category-noticias type-post post-has-image\"\n\t\t\t\t>\n\t\t\t\t\t\t\t<figure class=\"post-thumbnail\">\n\t\t\t\t\t\t\t\t<a href=\"https:\/\/insightcrime.org\/es\/noticias\/gobiernos-latinoamericanos-siguen-apostando-estados-excepcion\/\" rel=\"bookmark\" tabindex=\"-1\" aria-hidden=\"true\">\n\t\t\t\t\t\t\t\t\t\t\t\t<img loading=\"lazy\" decoding=\"async\" width=\"200\" height=\"150\" src=\"https:\/\/i0.wp.com\/insightcrime.org\/wp-content\/uploads\/2024\/10\/arrestos-el-salvador.jpeg?resize=200%2C150&amp;quality=100&amp;ssl=1\" class=\"attachment-newspack-article-block-landscape-tiny size-newspack-article-block-landscape-tiny wp-post-image\" alt=\"\u00bfPor qu\u00e9 los gobiernos latinoamericanos siguen apostando por los estados de excepci\u00f3n?\" data-hero-candidate=\"1\" srcset=\"https:\/\/i0.wp.com\/insightcrime.org\/wp-content\/uploads\/2024\/10\/arrestos-el-salvador.jpeg?resize=200%2C150&amp;quality=100&amp;ssl=1 200w, https:\/\/i0.wp.com\/insightcrime.org\/wp-content\/uploads\/2024\/10\/arrestos-el-salvador.jpeg?resize=200%2C150&amp;quality=100&amp;ssl=1&amp;w=370 370w, https:\/\/i0.wp.com\/insightcrime.org\/wp-content\/uploads\/2024\/10\/arrestos-el-salvador.jpeg?resize=200%2C150&amp;quality=100&amp;ssl=1&amp;w=400 400w\" sizes=\"auto, (max-width: 34.9rem) calc(100vw - 2rem), (max-width: 53rem) calc(8 * (100vw \/ 12)), (min-width: 53rem) calc(6 * (100vw \/ 12)), 100vw\" \/>\t\t\t\t\t\t\t\t\t\t\t\t<\/a>\n\t\t\t\t\n\t\t\t\t\t\t\t<\/figure><!-- .featured-image -->\n\t\t\n\t\t<div class=\"entry-wrapper\">\n\t\t\t\t\t\t\n\t\t\t\t<div class=\"cat-links \">\n\t\t\t\t\t<a href=\"https:\/\/insightcrime.org\/es\/category\/noticias\/\">Noticias<\/a>\t\t\t\t\t<a class=\"newspack-featured-tag\" href=\"https:\/\/insightcrime.org\/es\/tag\/politicas-de-seguridad\/\">\n\t\t\t\t\t\tPol\u00edticas de seguridad\t\t\t\t\t<\/a>\n\t\t\t\t\t\t\t\t<\/div>\n\t\t\t\t<h3 class=\"entry-title\"><a href=\"https:\/\/insightcrime.org\/es\/noticias\/gobiernos-latinoamericanos-siguen-apostando-estados-excepcion\/\" rel=\"bookmark\">\u00bfPor qu\u00e9 los gobiernos latinoamericanos siguen apostando por los estados de excepci\u00f3n?<\/a><\/h3>\t\t\t\t\t\t\t\t\t\t<div class=\"entry-meta\">\n\t\t\t\t\t<time class=\"entry-date published\" datetime=\"2024-10-15T13:04:37-05:00\">15 de octubre de 2024<\/time><time class=\"updated\" datetime=\"2024-10-15T13:07:04-05:00\">15 de octubre de 2024<\/time>\t\t\t\t<\/div><!-- .entry-meta -->\n\t\t\t\t\t\t\t\t<\/div><!-- .entry-wrapper -->\n\t<\/article>\n\n\t\t\n\t<article data-post-id=\"249315\"\n\t\tclass=\"tag-barrio-18-grupo tag-el-salvador-pais tag-ms13-es tag-politicas-de-seguridad tag-series-represion-pandillas-salvador category-investigaciones type-post post-has-image\"\n\t\t\t\t>\n\t\t\t\t\t\t\t<figure class=\"post-thumbnail\">\n\t\t\t\t\t\t\t\t<a href=\"https:\/\/insightcrime.org\/es\/investigaciones\/como-represion-bukele-triunfo-donde-otros-fracasaron\/\" rel=\"bookmark\" tabindex=\"-1\" aria-hidden=\"true\">\n\t\t\t\t\t\t\t\t\t\t\t\t<img loading=\"lazy\" decoding=\"async\" width=\"800\" height=\"600\" src=\"https:\/\/i0.wp.com\/insightcrime.org\/wp-content\/uploads\/2023\/12\/El-Salvador-Cover-Cap-3-Dic-2023.jpg?resize=800%2C600&amp;quality=100&amp;ssl=1\" class=\"attachment-newspack-article-block-landscape-medium size-newspack-article-block-landscape-medium wp-post-image\" alt=\"\u2018Demasiados soldados\u2019: C\u00f3mo la represi\u00f3n de Bukele triunf\u00f3 donde otros fracasaron\" data-hero-candidate=\"1\" srcset=\"https:\/\/i0.wp.com\/insightcrime.org\/wp-content\/uploads\/2023\/12\/El-Salvador-Cover-Cap-3-Dic-2023.jpg?resize=800%2C600&amp;quality=100&amp;ssl=1 800w, https:\/\/i0.wp.com\/insightcrime.org\/wp-content\/uploads\/2023\/12\/El-Salvador-Cover-Cap-3-Dic-2023.jpg?resize=600%2C450&amp;quality=100&amp;ssl=1 600w, https:\/\/i0.wp.com\/insightcrime.org\/wp-content\/uploads\/2023\/12\/El-Salvador-Cover-Cap-3-Dic-2023.jpg?resize=400%2C300&amp;quality=100&amp;ssl=1 400w, https:\/\/i0.wp.com\/insightcrime.org\/wp-content\/uploads\/2023\/12\/El-Salvador-Cover-Cap-3-Dic-2023.jpg?resize=200%2C150&amp;quality=100&amp;ssl=1 200w, https:\/\/i0.wp.com\/insightcrime.org\/wp-content\/uploads\/2023\/12\/El-Salvador-Cover-Cap-3-Dic-2023.jpg?zoom=2&amp;resize=800%2C600&amp;quality=100&amp;ssl=1 1600w, https:\/\/i0.wp.com\/insightcrime.org\/wp-content\/uploads\/2023\/12\/El-Salvador-Cover-Cap-3-Dic-2023.jpg?resize=800%2C600&amp;quality=100&amp;ssl=1&amp;w=370 370w\" sizes=\"auto, (max-width: 34.9rem) calc(100vw - 2rem), (max-width: 53rem) calc(8 * (100vw \/ 12)), (min-width: 53rem) calc(6 * (100vw \/ 12)), 100vw\" \/>\t\t\t\t\t\t\t\t\t\t\t\t<\/a>\n\t\t\t\t\n\t\t\t\t\t\t\t<\/figure><!-- .featured-image -->\n\t\t\n\t\t<div class=\"entry-wrapper\">\n\t\t\t\t\t\t\n\t\t\t\t<div class=\"cat-links \">\n\t\t\t\t\t<a href=\"https:\/\/insightcrime.org\/es\/category\/investigaciones\/\">Investigaciones<\/a>\t\t\t\t\t<a class=\"newspack-featured-tag\" href=\"https:\/\/insightcrime.org\/es\/tag\/el-salvador-pais\/\">\n\t\t\t\t\t\tEl Salvador\t\t\t\t\t<\/a>\n\t\t\t\t\t\t\t\t<\/div>\n\t\t\t\t<h3 class=\"entry-title\"><a href=\"https:\/\/insightcrime.org\/es\/investigaciones\/como-represion-bukele-triunfo-donde-otros-fracasaron\/\" rel=\"bookmark\">\u2018Demasiados soldados\u2019: C\u00f3mo la represi\u00f3n de Bukele triunf\u00f3 donde otros fracasaron<\/a><\/h3>\t\t\t\t\t\t\t\t\t\t<div class=\"entry-meta\">\n\t\t\t\t\t<time class=\"entry-date published\" datetime=\"2023-12-06T11:50:44-05:00\">6 de diciembre de 2023<\/time><time class=\"updated\" datetime=\"2023-12-06T12:18:25-05:00\">6 de diciembre de 2023<\/time>\t\t\t\t<\/div><!-- .entry-meta -->\n\t\t\t\t\t\t\t\t<\/div><!-- .entry-wrapper -->\n\t<\/article>\n\n\t\t\n\t<article data-post-id=\"249309\"\n\t\tclass=\"tag-barrio-18-grupo tag-el-salvador-pais tag-ms13-es tag-politicas-de-seguridad tag-series-represion-pandillas-salvador category-investigaciones type-post post-has-image\"\n\t\t\t\t>\n\t\t\t\t\t\t\t<figure class=\"post-thumbnail\">\n\t\t\t\t\t\t\t\t<a href=\"https:\/\/insightcrime.org\/es\/investigaciones\/camino-hacia-regimen-excepcion-el-salvador\/\" rel=\"bookmark\" tabindex=\"-1\" aria-hidden=\"true\">\n\t\t\t\t\t\t\t\t\t\t\t\t<img loading=\"lazy\" decoding=\"async\" width=\"800\" height=\"600\" src=\"https:\/\/i0.wp.com\/insightcrime.org\/wp-content\/uploads\/2023\/11\/El-Salvador-Cover-Cap-2-Dic-2023.jpg?resize=800%2C600&amp;quality=100&amp;ssl=1\" class=\"attachment-newspack-article-block-landscape-medium size-newspack-article-block-landscape-medium wp-post-image\" alt=\"El camino hacia el r\u00e9gimen de excepci\u00f3n en El Salvador\" data-hero-candidate=\"1\" srcset=\"https:\/\/i0.wp.com\/insightcrime.org\/wp-content\/uploads\/2023\/11\/El-Salvador-Cover-Cap-2-Dic-2023.jpg?resize=800%2C600&amp;quality=100&amp;ssl=1 800w, https:\/\/i0.wp.com\/insightcrime.org\/wp-content\/uploads\/2023\/11\/El-Salvador-Cover-Cap-2-Dic-2023.jpg?resize=600%2C450&amp;quality=100&amp;ssl=1 600w, https:\/\/i0.wp.com\/insightcrime.org\/wp-content\/uploads\/2023\/11\/El-Salvador-Cover-Cap-2-Dic-2023.jpg?resize=400%2C300&amp;quality=100&amp;ssl=1 400w, https:\/\/i0.wp.com\/insightcrime.org\/wp-content\/uploads\/2023\/11\/El-Salvador-Cover-Cap-2-Dic-2023.jpg?resize=200%2C150&amp;quality=100&amp;ssl=1 200w, https:\/\/i0.wp.com\/insightcrime.org\/wp-content\/uploads\/2023\/11\/El-Salvador-Cover-Cap-2-Dic-2023.jpg?zoom=2&amp;resize=800%2C600&amp;quality=100&amp;ssl=1 1600w, https:\/\/i0.wp.com\/insightcrime.org\/wp-content\/uploads\/2023\/11\/El-Salvador-Cover-Cap-2-Dic-2023.jpg?resize=800%2C600&amp;quality=100&amp;ssl=1&amp;w=370 370w\" sizes=\"auto, (max-width: 34.9rem) calc(100vw - 2rem), (max-width: 53rem) calc(8 * (100vw \/ 12)), (min-width: 53rem) calc(6 * (100vw \/ 12)), 100vw\" \/>\t\t\t\t\t\t\t\t\t\t\t\t<\/a>\n\t\t\t\t\n\t\t\t\t\t\t\t<\/figure><!-- .featured-image -->\n\t\t\n\t\t<div class=\"entry-wrapper\">\n\t\t\t\t\t\t\n\t\t\t\t<div class=\"cat-links \">\n\t\t\t\t\t<a href=\"https:\/\/insightcrime.org\/es\/category\/investigaciones\/\">Investigaciones<\/a>\t\t\t\t\t<a class=\"newspack-featured-tag\" href=\"https:\/\/insightcrime.org\/es\/tag\/el-salvador-pais\/\">\n\t\t\t\t\t\tEl Salvador\t\t\t\t\t<\/a>\n\t\t\t\t\t\t\t\t<\/div>\n\t\t\t\t<h3 class=\"entry-title\"><a href=\"https:\/\/insightcrime.org\/es\/investigaciones\/camino-hacia-regimen-excepcion-el-salvador\/\" rel=\"bookmark\">El camino hacia el r\u00e9gimen de excepci\u00f3n en El Salvador<\/a><\/h3>\t\t\t\t\t\t\t\t\t\t<div class=\"entry-meta\">\n\t\t\t\t\t<time class=\"entry-date published\" datetime=\"2023-12-06T11:50:41-05:00\">6 de diciembre de 2023<\/time><time class=\"updated\" datetime=\"2023-12-06T12:18:30-05:00\">6 de diciembre de 2023<\/time>\t\t\t\t<\/div><!-- .entry-meta -->\n\t\t\t\t\t\t\t\t<\/div><!-- .entry-wrapper -->\n\t<\/article>\n\n\t\t\n\t<article data-post-id=\"249423\"\n\t\tclass=\"tag-barrio-18-grupo tag-el-salvador-pais tag-ms13-es tag-politicas-de-seguridad tag-series-represion-pandillas-salvador category-investigaciones type-post post-has-image\"\n\t\t\t\t>\n\t\t\t\t\t\t\t<figure class=\"post-thumbnail\">\n\t\t\t\t\t\t\t\t<a href=\"https:\/\/insightcrime.org\/es\/investigaciones\/futuro-sombrio-asoma-pandillas-el-salvador\/\" rel=\"bookmark\" tabindex=\"-1\" aria-hidden=\"true\">\n\t\t\t\t\t\t\t\t\t\t\t\t<img loading=\"lazy\" decoding=\"async\" width=\"800\" height=\"600\" src=\"https:\/\/i0.wp.com\/insightcrime.org\/wp-content\/uploads\/2023\/11\/El-Salvador-Cover-Cap-6-Dic-2023.jpg?resize=800%2C600&amp;quality=100&amp;ssl=1\" class=\"attachment-newspack-article-block-landscape-medium size-newspack-article-block-landscape-medium wp-post-image\" alt=\"Un futuro sombr\u00edo se asoma para las pandillas de El Salvador\" data-hero-candidate=\"1\" srcset=\"https:\/\/i0.wp.com\/insightcrime.org\/wp-content\/uploads\/2023\/11\/El-Salvador-Cover-Cap-6-Dic-2023.jpg?resize=800%2C600&amp;quality=100&amp;ssl=1 800w, https:\/\/i0.wp.com\/insightcrime.org\/wp-content\/uploads\/2023\/11\/El-Salvador-Cover-Cap-6-Dic-2023.jpg?resize=600%2C450&amp;quality=100&amp;ssl=1 600w, https:\/\/i0.wp.com\/insightcrime.org\/wp-content\/uploads\/2023\/11\/El-Salvador-Cover-Cap-6-Dic-2023.jpg?resize=400%2C300&amp;quality=100&amp;ssl=1 400w, https:\/\/i0.wp.com\/insightcrime.org\/wp-content\/uploads\/2023\/11\/El-Salvador-Cover-Cap-6-Dic-2023.jpg?resize=200%2C150&amp;quality=100&amp;ssl=1 200w, https:\/\/i0.wp.com\/insightcrime.org\/wp-content\/uploads\/2023\/11\/El-Salvador-Cover-Cap-6-Dic-2023.jpg?zoom=2&amp;resize=800%2C600&amp;quality=100&amp;ssl=1 1600w, https:\/\/i0.wp.com\/insightcrime.org\/wp-content\/uploads\/2023\/11\/El-Salvador-Cover-Cap-6-Dic-2023.jpg?resize=800%2C600&amp;quality=100&amp;ssl=1&amp;w=370 370w\" sizes=\"auto, (max-width: 34.9rem) calc(100vw - 2rem), (max-width: 53rem) calc(8 * (100vw \/ 12)), (min-width: 53rem) calc(6 * (100vw \/ 12)), 100vw\" \/>\t\t\t\t\t\t\t\t\t\t\t\t<\/a>\n\t\t\t\t\n\t\t\t\t\t\t\t<\/figure><!-- .featured-image -->\n\t\t\n\t\t<div class=\"entry-wrapper\">\n\t\t\t\t\t\t\n\t\t\t\t<div class=\"cat-links \">\n\t\t\t\t\t<a href=\"https:\/\/insightcrime.org\/es\/category\/investigaciones\/\">Investigaciones<\/a>\t\t\t\t\t<a class=\"newspack-featured-tag\" href=\"https:\/\/insightcrime.org\/es\/tag\/el-salvador-pais\/\">\n\t\t\t\t\t\tEl Salvador\t\t\t\t\t<\/a>\n\t\t\t\t\t\t\t\t<\/div>\n\t\t\t\t<h3 class=\"entry-title\"><a href=\"https:\/\/insightcrime.org\/es\/investigaciones\/futuro-sombrio-asoma-pandillas-el-salvador\/\" rel=\"bookmark\">Un futuro sombr\u00edo se asoma para las pandillas de El Salvador<\/a><\/h3>\t\t\t\t\t\t\t\t\t\t<div class=\"entry-meta\">\n\t\t\t\t\t<time class=\"entry-date published\" datetime=\"2023-12-06T11:50:37-05:00\">6 de diciembre de 2023<\/time><time class=\"updated\" datetime=\"2023-12-06T12:29:15-05:00\">6 de diciembre de 2023<\/time>\t\t\t\t<\/div><!-- .entry-meta -->\n\t\t\t\t\t\t\t\t<\/div><!-- .entry-wrapper -->\n\t<\/article>\n\n\t\t\n\t<article data-post-id=\"249413\"\n\t\tclass=\"tag-barrio-18-grupo tag-el-salvador-pais tag-ms13-es tag-politicas-de-seguridad tag-series-represion-pandillas-salvador category-investigaciones type-post post-has-image\"\n\t\t\t\t>\n\t\t\t\t\t\t\t<figure class=\"post-thumbnail\">\n\t\t\t\t\t\t\t\t<a href=\"https:\/\/insightcrime.org\/es\/investigaciones\/pandillas-fuga-como-mano-dura-bukele-llevo-pandillas-clandestinidad\/\" rel=\"bookmark\" tabindex=\"-1\" aria-hidden=\"true\">\n\t\t\t\t\t\t\t\t\t\t\t\t<img loading=\"lazy\" decoding=\"async\" width=\"800\" height=\"600\" src=\"https:\/\/i0.wp.com\/insightcrime.org\/wp-content\/uploads\/2023\/11\/El-Salvador-Cover-Cap-4-Dic-2023.jpg?resize=800%2C600&amp;quality=100&amp;ssl=1\" class=\"attachment-newspack-article-block-landscape-medium size-newspack-article-block-landscape-medium wp-post-image\" alt=\"Pandillas a la fuga: C\u00f3mo la mano dura de Bukele llev\u00f3 a las pandillas a la clandestinidad\" data-hero-candidate=\"1\" srcset=\"https:\/\/i0.wp.com\/insightcrime.org\/wp-content\/uploads\/2023\/11\/El-Salvador-Cover-Cap-4-Dic-2023.jpg?resize=800%2C600&amp;quality=100&amp;ssl=1 800w, https:\/\/i0.wp.com\/insightcrime.org\/wp-content\/uploads\/2023\/11\/El-Salvador-Cover-Cap-4-Dic-2023.jpg?resize=600%2C450&amp;quality=100&amp;ssl=1 600w, https:\/\/i0.wp.com\/insightcrime.org\/wp-content\/uploads\/2023\/11\/El-Salvador-Cover-Cap-4-Dic-2023.jpg?resize=400%2C300&amp;quality=100&amp;ssl=1 400w, https:\/\/i0.wp.com\/insightcrime.org\/wp-content\/uploads\/2023\/11\/El-Salvador-Cover-Cap-4-Dic-2023.jpg?resize=200%2C150&amp;quality=100&amp;ssl=1 200w, https:\/\/i0.wp.com\/insightcrime.org\/wp-content\/uploads\/2023\/11\/El-Salvador-Cover-Cap-4-Dic-2023.jpg?zoom=2&amp;resize=800%2C600&amp;quality=100&amp;ssl=1 1600w, https:\/\/i0.wp.com\/insightcrime.org\/wp-content\/uploads\/2023\/11\/El-Salvador-Cover-Cap-4-Dic-2023.jpg?resize=800%2C600&amp;quality=100&amp;ssl=1&amp;w=370 370w\" sizes=\"auto, (max-width: 34.9rem) calc(100vw - 2rem), (max-width: 53rem) calc(8 * (100vw \/ 12)), (min-width: 53rem) calc(6 * (100vw \/ 12)), 100vw\" \/>\t\t\t\t\t\t\t\t\t\t\t\t<\/a>\n\t\t\t\t\n\t\t\t\t\t\t\t<\/figure><!-- .featured-image -->\n\t\t\n\t\t<div class=\"entry-wrapper\">\n\t\t\t\t\t\t\n\t\t\t\t<div class=\"cat-links \">\n\t\t\t\t\t<a href=\"https:\/\/insightcrime.org\/es\/category\/investigaciones\/\">Investigaciones<\/a>\t\t\t\t\t<a class=\"newspack-featured-tag\" href=\"https:\/\/insightcrime.org\/es\/tag\/el-salvador-pais\/\">\n\t\t\t\t\t\tEl Salvador\t\t\t\t\t<\/a>\n\t\t\t\t\t\t\t\t<\/div>\n\t\t\t\t<h3 class=\"entry-title\"><a href=\"https:\/\/insightcrime.org\/es\/investigaciones\/pandillas-fuga-como-mano-dura-bukele-llevo-pandillas-clandestinidad\/\" rel=\"bookmark\">Pandillas a la fuga: C\u00f3mo la mano dura de Bukele llev\u00f3 a las pandillas a la clandestinidad<\/a><\/h3>\t\t\t\t\t\t\t\t\t\t<div class=\"entry-meta\">\n\t\t\t\t\t<time class=\"entry-date published\" datetime=\"2023-12-06T11:50:34-05:00\">6 de diciembre de 2023<\/time><time class=\"updated\" datetime=\"2023-12-06T12:18:43-05:00\">6 de diciembre de 2023<\/time>\t\t\t\t<\/div><!-- .entry-meta -->\n\t\t\t\t\t\t\t\t<\/div><!-- .entry-wrapper -->\n\t<\/article>\n\n\t\t\n\t<article data-post-id=\"249301\"\n\t\tclass=\"tag-barrio-18-grupo tag-el-salvador-pais tag-ms13-es tag-politicas-de-seguridad tag-series-represion-pandillas-salvador category-investigaciones type-post post-has-image\"\n\t\t\t\t>\n\t\t\t\t\t\t\t<figure class=\"post-thumbnail\">\n\t\t\t\t\t\t\t\t<a href=\"https:\/\/insightcrime.org\/es\/investigaciones\/como-gobierno-bukele-sometio-pandillas\/\" rel=\"bookmark\" tabindex=\"-1\" aria-hidden=\"true\">\n\t\t\t\t\t\t\t\t\t\t\t\t<img loading=\"lazy\" decoding=\"async\" width=\"800\" height=\"600\" src=\"https:\/\/i0.wp.com\/insightcrime.org\/wp-content\/uploads\/2023\/11\/El-Salvador-Cover-Cap-1-Dic-2023.jpg?resize=800%2C600&amp;quality=100&amp;ssl=1\" class=\"attachment-newspack-article-block-landscape-medium size-newspack-article-block-landscape-medium wp-post-image\" alt=\"C\u00f3mo el gobierno de Bukele someti\u00f3 a las pandillas: resumen y principales hallazgos\" data-hero-candidate=\"1\" srcset=\"https:\/\/i0.wp.com\/insightcrime.org\/wp-content\/uploads\/2023\/11\/El-Salvador-Cover-Cap-1-Dic-2023.jpg?resize=800%2C600&amp;quality=100&amp;ssl=1 800w, https:\/\/i0.wp.com\/insightcrime.org\/wp-content\/uploads\/2023\/11\/El-Salvador-Cover-Cap-1-Dic-2023.jpg?resize=600%2C450&amp;quality=100&amp;ssl=1 600w, https:\/\/i0.wp.com\/insightcrime.org\/wp-content\/uploads\/2023\/11\/El-Salvador-Cover-Cap-1-Dic-2023.jpg?resize=400%2C300&amp;quality=100&amp;ssl=1 400w, https:\/\/i0.wp.com\/insightcrime.org\/wp-content\/uploads\/2023\/11\/El-Salvador-Cover-Cap-1-Dic-2023.jpg?resize=200%2C150&amp;quality=100&amp;ssl=1 200w, https:\/\/i0.wp.com\/insightcrime.org\/wp-content\/uploads\/2023\/11\/El-Salvador-Cover-Cap-1-Dic-2023.jpg?zoom=2&amp;resize=800%2C600&amp;quality=100&amp;ssl=1 1600w, https:\/\/i0.wp.com\/insightcrime.org\/wp-content\/uploads\/2023\/11\/El-Salvador-Cover-Cap-1-Dic-2023.jpg?resize=800%2C600&amp;quality=100&amp;ssl=1&amp;w=370 370w\" sizes=\"auto, (max-width: 34.9rem) calc(100vw - 2rem), (max-width: 53rem) calc(8 * (100vw \/ 12)), (min-width: 53rem) calc(6 * (100vw \/ 12)), 100vw\" \/>\t\t\t\t\t\t\t\t\t\t\t\t<\/a>\n\t\t\t\t\n\t\t\t\t\t\t\t<\/figure><!-- .featured-image -->\n\t\t\n\t\t<div class=\"entry-wrapper\">\n\t\t\t\t\t\t\n\t\t\t\t<div class=\"cat-links \">\n\t\t\t\t\t<a href=\"https:\/\/insightcrime.org\/es\/category\/investigaciones\/\">Investigaciones<\/a>\t\t\t\t\t<a class=\"newspack-featured-tag\" href=\"https:\/\/insightcrime.org\/es\/tag\/el-salvador-pais\/\">\n\t\t\t\t\t\tEl Salvador\t\t\t\t\t<\/a>\n\t\t\t\t\t\t\t\t<\/div>\n\t\t\t\t<h3 class=\"entry-title\"><a href=\"https:\/\/insightcrime.org\/es\/investigaciones\/como-gobierno-bukele-sometio-pandillas\/\" rel=\"bookmark\">C\u00f3mo el gobierno de Bukele someti\u00f3 a las pandillas: resumen y principales hallazgos<\/a><\/h3>\t\t\t\t\t\t\t\t\t\t<div class=\"entry-meta\">\n\t\t\t\t\t<time class=\"entry-date published\" datetime=\"2023-12-06T11:50:00-05:00\">6 de diciembre de 2023<\/time><time class=\"updated\" datetime=\"2023-12-06T12:18:04-05:00\">6 de diciembre de 2023<\/time>\t\t\t\t<\/div><!-- .entry-meta -->\n\t\t\t\t\t\t\t\t<\/div><!-- .entry-wrapper -->\n\t<\/article>\n\n\t\t\n\t<article data-post-id=\"248147\"\n\t\tclass=\"tag-barrio-18-grupo tag-destacado tag-el-salvador-pais tag-ms13-es tag-politicas-de-seguridad tag-series-represion-pandillas-salvador category-noticias type-post post-has-image\"\n\t\t\t\t>\n\t\t\t\t\t\t\t<figure class=\"post-thumbnail\">\n\t\t\t\t\t\t\t\t<a href=\"https:\/\/insightcrime.org\/es\/noticias\/estado-salvadoreno-libero-terrorista-johana-flores\/\" rel=\"bookmark\" tabindex=\"-1\" aria-hidden=\"true\">\n\t\t\t\t\t\t\t\t\t\t\t\t<img loading=\"lazy\" decoding=\"async\" width=\"800\" height=\"600\" src=\"https:\/\/i0.wp.com\/insightcrime.org\/wp-content\/uploads\/2023\/08\/El-Salvador-Army-Gangs-MS13.jpg?resize=800%2C600&amp;quality=100&amp;ssl=1\" class=\"attachment-newspack-article-block-landscape-medium size-newspack-article-block-landscape-medium wp-post-image\" alt=\"El Estado salvadore\u00f1o liber\u00f3 a la \u2018terrorista\u2019 Johana Flores\" data-hero-candidate=\"1\" srcset=\"https:\/\/i0.wp.com\/insightcrime.org\/wp-content\/uploads\/2023\/08\/El-Salvador-Army-Gangs-MS13.jpg?resize=800%2C600&amp;quality=100&amp;ssl=1 800w, https:\/\/i0.wp.com\/insightcrime.org\/wp-content\/uploads\/2023\/08\/El-Salvador-Army-Gangs-MS13.jpg?resize=600%2C450&amp;quality=100&amp;ssl=1 600w, https:\/\/i0.wp.com\/insightcrime.org\/wp-content\/uploads\/2023\/08\/El-Salvador-Army-Gangs-MS13.jpg?resize=400%2C300&amp;quality=100&amp;ssl=1 400w, https:\/\/i0.wp.com\/insightcrime.org\/wp-content\/uploads\/2023\/08\/El-Salvador-Army-Gangs-MS13.jpg?resize=200%2C150&amp;quality=100&amp;ssl=1 200w, https:\/\/i0.wp.com\/insightcrime.org\/wp-content\/uploads\/2023\/08\/El-Salvador-Army-Gangs-MS13.jpg?resize=800%2C600&amp;quality=100&amp;ssl=1&amp;w=370 370w\" sizes=\"auto, (max-width: 34.9rem) calc(100vw - 2rem), (max-width: 53rem) calc(8 * (100vw \/ 12)), (min-width: 53rem) calc(6 * (100vw \/ 12)), 100vw\" \/>\t\t\t\t\t\t\t\t\t\t\t\t<\/a>\n\t\t\t\t\n\t\t\t\t\t\t\t<\/figure><!-- .featured-image -->\n\t\t\n\t\t<div class=\"entry-wrapper\">\n\t\t\t\t\t\t\n\t\t\t\t<div class=\"cat-links \">\n\t\t\t\t\t<a href=\"https:\/\/insightcrime.org\/es\/category\/noticias\/\">Noticias<\/a>\t\t\t\t<\/div>\n\t\t\t\t<h3 class=\"entry-title\"><a href=\"https:\/\/insightcrime.org\/es\/noticias\/estado-salvadoreno-libero-terrorista-johana-flores\/\" rel=\"bookmark\">El Estado salvadore\u00f1o liber\u00f3 a la \u2018terrorista\u2019 Johana Flores<\/a><\/h3>\t\t\t\t\t\t\t\t\t\t<div class=\"entry-meta\">\n\t\t\t\t\t<time class=\"entry-date published\" datetime=\"2023-11-28T17:24:35-05:00\">28 de noviembre de 2023<\/time><time class=\"updated\" datetime=\"2023-11-30T16:24:29-05:00\">30 de noviembre de 2023<\/time>\t\t\t\t<\/div><!-- .entry-meta -->\n\t\t\t\t\t\t\t\t<\/div><!-- .entry-wrapper -->\n\t<\/article>\n\n\t\t\t\t<\/div>\n\t\t\t\t\t<button type=\"button\" class=\"wp-block-button__link\"  data-next=\"https:\/\/insightcrime.org\/es\/wp-json\/newspack-blocks\/v1\/articles?showExcerpt=0&#038;moreButton=1&#038;showAuthor=0&#038;showAvatar=0&#038;showCategory=1&#038;postLayout=grid&#038;postsToShow=9&#038;tags%5B0%5D=4562&#038;specificPosts%5B0%5D=181000&#038;specificPosts%5B1%5D=182125&#038;specificPosts%5B2%5D=184871&#038;specificPosts%5B3%5D=185918&#038;specificPosts%5B4%5D=187207&#038;specificPosts%5B5%5D=188213&#038;specificPosts%5B6%5D=188282&#038;specificPosts%5B7%5D=192395&#038;specificPosts%5B8%5D=205443&#038;specificPosts%5B9%5D=206325&#038;specificPosts%5B10%5D=205440&#038;specificPosts%5B11%5D=210010&#038;specificPosts%5B12%5D=232008&#038;specificPosts%5B13%5D=231672&#038;specificPosts%5B14%5D=231593&#038;specificPosts%5B15%5D=233351&#038;specificPosts%5B16%5D=233354&#038;specificPosts%5B17%5D=243879&#038;specificPosts%5B18%5D=248132&#038;specificPosts%5B19%5D=249767&#038;specificPosts%5B20%5D=248633&#038;typeScale=2&#038;imageScale=1&#038;sectionHeader=Art%C3%ADculos%20en%20esta%20serie&#038;postType%5B0%5D=post&#038;postType%5B1%5D=page&#038;className&#038;showFullContent=0&#038;excerptLength=55&#038;showReadMore=0&#038;infiniteScroll=0&#038;readMoreLabel=Keep%20reading&#038;showDate=1&#038;showImage=1&#038;showCaption=0&#038;showCredit=0&#038;disableImageLazyLoad=0&#038;fetchPriority&#038;imageShape=landscape&#038;minHeight=0&#038;moreButtonText&#038;showTagLabels=1&#038;columns=3&#038;colGap=3&#038;mediaPosition=top&#038;&#038;&#038;categoryJoinType=or&#038;includeSubcategories=1&#038;&#038;&#038;&#038;&#038;mobileStack=0&#038;specificMode=0&#038;textColor&#038;customTextColor&#038;singleMode=0&#038;showSubtitle=0&#038;textAlign&#038;includedPostStatuses%5B0%5D=publish&#038;deduplicate=1&#038;page=2\">\n\t\t\t\t<span class=\"label\">\n\t\t\t\t\tLoad more posts\t\t\t\t<\/span>\n\t\t\t\t<span class=\"loading\"><\/span>\n\t\t\t<\/button>\n\t\t\t<p class=\"error\">\n\t\t\t\tSomething went wrong. Please refresh the page and\/or try again.\t\t\t<\/p>\n\n\t\t\n\t<\/div>\n\t\n\n\n<div style=\"height:4px\" aria-hidden=\"true\" id=\"criminal-profiles\" class=\"wp-block-spacer\"><\/div>\n\n\n\n<div class=\"wp-block-group drop-shadow\" style=\"padding-top:var(--wp--preset--spacing--60);padding-right:var(--wp--preset--spacing--60);padding-bottom:var(--wp--preset--spacing--60);padding-left:var(--wp--preset--spacing--60)\"><div class=\"wp-block-group__inner-container is-layout-constrained wp-container-core-group-is-layout-d5591c43 wp-block-group-is-layout-constrained\">\n<div class=\"wp-block-columns is-style-first-col-to-second is-layout-flex wp-container-core-columns-is-layout-8f761849 wp-block-columns-is-layout-flex\">\n<div class=\"wp-block-column is-layout-flow wp-block-column-is-layout-flow\" style=\"flex-basis:250px\">\n<figure class=\"wp-block-image size-full\"><img data-recalc-dims=\"1\" loading=\"lazy\" decoding=\"async\" width=\"450\" height=\"350\" src=\"https:\/\/i0.wp.com\/insightcrime.org\/wp-content\/uploads\/2013\/01\/MS13-El-Salvador.jpg?resize=450%2C350&#038;quality=100&#038;ssl=1\" alt=\"\" class=\"wp-image-59124\" srcset=\"https:\/\/i0.wp.com\/insightcrime.org\/wp-content\/uploads\/2013\/01\/MS13-El-Salvador.jpg?w=450&amp;quality=100&amp;ssl=1 450w, https:\/\/i0.wp.com\/insightcrime.org\/wp-content\/uploads\/2013\/01\/MS13-El-Salvador.jpg?resize=300%2C233&amp;quality=100&amp;ssl=1 300w, https:\/\/i0.wp.com\/insightcrime.org\/wp-content\/uploads\/2013\/01\/MS13-El-Salvador.jpg?resize=400%2C311&amp;quality=100&amp;ssl=1 400w, https:\/\/i0.wp.com\/insightcrime.org\/wp-content\/uploads\/2013\/01\/MS13-El-Salvador.jpg?w=370&amp;quality=100&amp;ssl=1 370w\" sizes=\"auto, (max-width: 450px) 100vw, 450px\" \/><\/figure>\n<\/div>\n\n\n\n<div class=\"wp-block-column is-layout-flow wp-block-column-is-layout-flow\">\n<h2 class=\"wp-block-heading flag-header\" id=\"h-perfiles-criminales\" style=\"font-size:14px;font-style:normal;font-weight:500\"><a href=\"#\">Perfiles criminales<\/a><\/h2>\n\n\n\n<h2 class=\"wp-block-heading accent-header\" id=\"h-mara-salvatrucha-ms13\">Mara Salvatrucha (MS13)<\/h2>\n\n\n\n<p class=\"has-medium-gray-color has-text-color has-small-font-size wp-block-paragraph\">La Mara Salvatrucha, o MS13, es quiz\u00e1 la pandilla callejera m\u00e1s conocida del hemisferio occidental. Aunque sus or\u00edgenes se remontan a los barrios pobres y repletos de refugiados de Los \u00c1ngeles en la d\u00e9cada de 1980, la banda se extiende ahora desde Centroam\u00e9rica hasta Europa.<\/p>\n\n\n\n<p class=\"has-primary-color has-text-color wp-block-paragraph\" style=\"font-size:14px\"><mark style=\"background-color:rgba(0, 0, 0, 0)\" class=\"has-inline-color has-primary-color\"><em><a href=\"https:\/\/insightcrime.org\/es\/noticias-crimen-organizado-el-salvador\/mara-salvatrucha-ms-13-perfil\/\" target=\"_blank\" rel=\"noreferrer noopener\">Lea el perfil<\/a><\/em>   <img data-recalc-dims=\"1\" loading=\"lazy\" decoding=\"async\" width=\"12\" height=\"12\" class=\"wp-image-228499\" style=\"width: 12px;\" src=\"https:\/\/i0.wp.com\/insightcrime.org\/wp-content\/uploads\/2023\/09\/arrow-red.png?resize=12%2C12&#038;quality=100&#038;ssl=1\" alt=\"\"><\/mark><\/p>\n<\/div>\n<\/div>\n<\/div><\/div>\n\n\n\n<div class=\"wp-block-group drop-shadow\" style=\"padding-top:var(--wp--preset--spacing--60);padding-right:var(--wp--preset--spacing--60);padding-bottom:var(--wp--preset--spacing--60);padding-left:var(--wp--preset--spacing--60)\"><div class=\"wp-block-group__inner-container is-layout-constrained wp-container-core-group-is-layout-d5591c43 wp-block-group-is-layout-constrained\">\n<div class=\"wp-block-columns is-style-first-col-to-second is-layout-flex wp-container-core-columns-is-layout-8f761849 wp-block-columns-is-layout-flex\">\n<div class=\"wp-block-column is-layout-flow wp-block-column-is-layout-flow\" style=\"flex-basis:250px\">\n<figure class=\"wp-block-image size-full\"><img data-recalc-dims=\"1\" loading=\"lazy\" decoding=\"async\" width=\"450\" height=\"350\" src=\"https:\/\/i0.wp.com\/insightcrime.org\/wp-content\/uploads\/2013\/01\/Barrio-18-El-Salvador.jpg?resize=450%2C350&#038;quality=100&#038;ssl=1\" alt=\"\" class=\"wp-image-59044\" srcset=\"https:\/\/i0.wp.com\/insightcrime.org\/wp-content\/uploads\/2013\/01\/Barrio-18-El-Salvador.jpg?w=450&amp;quality=100&amp;ssl=1 450w, https:\/\/i0.wp.com\/insightcrime.org\/wp-content\/uploads\/2013\/01\/Barrio-18-El-Salvador.jpg?resize=300%2C233&amp;quality=100&amp;ssl=1 300w, https:\/\/i0.wp.com\/insightcrime.org\/wp-content\/uploads\/2013\/01\/Barrio-18-El-Salvador.jpg?resize=400%2C311&amp;quality=100&amp;ssl=1 400w, https:\/\/i0.wp.com\/insightcrime.org\/wp-content\/uploads\/2013\/01\/Barrio-18-El-Salvador.jpg?w=370&amp;quality=100&amp;ssl=1 370w\" sizes=\"auto, (max-width: 450px) 100vw, 450px\" \/><\/figure>\n<\/div>\n\n\n\n<div class=\"wp-block-column is-layout-flow wp-block-column-is-layout-flow\">\n<h2 class=\"wp-block-heading flag-header\" id=\"h-perfiles-criminales-0\" style=\"font-size:14px;font-style:normal;font-weight:500\"><a href=\"#\"><a href=\"#\">Perfiles criminales<\/a><\/a><\/h2>\n\n\n\n<h2 class=\"wp-block-heading accent-header\" id=\"h-barrio-18\">Barrio 18<\/h2>\n\n\n\n<p class=\"has-medium-gray-color has-text-color has-small-font-size wp-block-paragraph\">La pandilla Barrio 18, tambi\u00e9n conocida como Barrio 18, es una de las maras m\u00e1s numerosas del hemisferio occidental, equiparable en muchos aspectos a su rival m\u00e1s conocido, la Mara Salvatrucha (<a href=\"https:\/\/insightcrime.org\/es\/noticias-crimen-organizado-el-salvador\/mara-salvatrucha-ms-13-perfil\/\" target=\"_blank\" rel=\"noreferrer noopener\">MS13<\/a>).<\/p>\n\n\n\n<p class=\"has-primary-color has-text-color wp-block-paragraph\" style=\"font-size:14px\"><mark style=\"background-color:rgba(0, 0, 0, 0)\" class=\"has-inline-color has-primary-color\"><em><a href=\"https:\/\/insightcrime.org\/es\/noticias-crimen-organizado-el-salvador\/barrio-18-perfil-2\/\" target=\"_blank\" rel=\"noreferrer noopener\">Lea el perfil<\/a><\/em>   <img data-recalc-dims=\"1\" loading=\"lazy\" decoding=\"async\" width=\"12\" height=\"12\" class=\"wp-image-228499\" style=\"width: 12px;\" src=\"https:\/\/i0.wp.com\/insightcrime.org\/wp-content\/uploads\/2023\/09\/arrow-red.png?resize=12%2C12&#038;quality=100&#038;ssl=1\" alt=\"\"><\/mark><\/p>\n<\/div>\n<\/div>\n<\/div><\/div>\n\n\n\n<div style=\"height:4px\" aria-hidden=\"true\" id=\"all-coverage\" class=\"wp-block-spacer\"><\/div>\n\n\n\t<div\n\t\tclass=\"wp-block-newspack-blocks-homepage-articles wpnbha is-grid columns-3 colgap-3 show-image image-aligntop ts-2 is-1 is-landscape show-category  has-more-button\"\n\t\tstyle=\"\"\n\t\t>\n\t\t<div data-posts data-current-post-id=\"286256\">\n\t\t\t\t\t\t\t<h2 class=\"article-section-title\">\n\t\t\t\t\t<span>Todo sobre El Salvador<\/span>\n\t\t\t\t<\/h2>\n\t\t\t\t\t\t\n\t<article data-post-id=\"349339\"\n\t\tclass=\"tag-chile-pais tag-el-salvador-pais tag-estados-unidos tag-mexico-pais tag-on-the-radar-es tag-peru-pais tag-politicas-de-seguridad tag-prisiones-es category-noticias type-post post-has-image\"\n\t\t\t\t>\n\t\t\t\t\t\t\t<figure class=\"post-thumbnail\">\n\t\t\t\t\t\t\t\t<a href=\"https:\/\/insightcrime.org\/es\/noticias\/on-the-radar-ee-uu-evalua-ampliar-su-ofensiva-antidrogas-con-operaciones-terrestres-en-region\/\" rel=\"bookmark\" tabindex=\"-1\" aria-hidden=\"true\">\n\t\t\t\t\t\t\t\t\t\t\t\t<img loading=\"lazy\" decoding=\"async\" width=\"800\" height=\"600\" src=\"https:\/\/i0.wp.com\/insightcrime.org\/wp-content\/uploads\/2026\/08\/Agosto-OTR-template-featured-image-website.png?resize=800%2C600&amp;quality=100&amp;ssl=1\" class=\"attachment-newspack-article-block-landscape-medium size-newspack-article-block-landscape-medium wp-post-image\" alt=\"On the Radar: EE. UU. eval\u00faa ampliar su ofensiva antidrogas con operaciones terrestres en la regi\u00f3n\" data-hero-candidate=\"1\" srcset=\"https:\/\/i0.wp.com\/insightcrime.org\/wp-content\/uploads\/2026\/08\/Agosto-OTR-template-featured-image-website.png?resize=800%2C600&amp;quality=100&amp;ssl=1 800w, https:\/\/i0.wp.com\/insightcrime.org\/wp-content\/uploads\/2026\/08\/Agosto-OTR-template-featured-image-website.png?resize=600%2C450&amp;quality=100&amp;ssl=1 600w, https:\/\/i0.wp.com\/insightcrime.org\/wp-content\/uploads\/2026\/08\/Agosto-OTR-template-featured-image-website.png?resize=400%2C300&amp;quality=100&amp;ssl=1 400w, https:\/\/i0.wp.com\/insightcrime.org\/wp-content\/uploads\/2026\/08\/Agosto-OTR-template-featured-image-website.png?resize=200%2C150&amp;quality=100&amp;ssl=1 200w, https:\/\/i0.wp.com\/insightcrime.org\/wp-content\/uploads\/2026\/08\/Agosto-OTR-template-featured-image-website.png?resize=800%2C600&amp;quality=100&amp;ssl=1&amp;w=370 370w\" sizes=\"auto, (max-width: 34.9rem) calc(100vw - 2rem), (max-width: 53rem) calc(8 * (100vw \/ 12)), (min-width: 53rem) calc(6 * (100vw \/ 12)), 100vw\" \/>\t\t\t\t\t\t\t\t\t\t\t\t<\/a>\n\t\t\t\t\n\t\t\t\t\t\t\t<\/figure><!-- .featured-image -->\n\t\t\n\t\t<div class=\"entry-wrapper\">\n\t\t\t\t\t\t\n\t\t\t\t<div class=\"cat-links \">\n\t\t\t\t\t<a href=\"https:\/\/insightcrime.org\/es\/category\/noticias\/\">Noticias<\/a>\t\t\t\t<\/div>\n\t\t\t\t<h3 class=\"entry-title\"><a href=\"https:\/\/insightcrime.org\/es\/noticias\/on-the-radar-ee-uu-evalua-ampliar-su-ofensiva-antidrogas-con-operaciones-terrestres-en-region\/\" rel=\"bookmark\">On the Radar: EE. UU. eval\u00faa ampliar su ofensiva antidrogas con operaciones terrestres en la regi\u00f3n<\/a><\/h3>\t\t\t\t\t\t\t\t\t\t<div class=\"entry-meta\">\n\t\t\t\t\t<time class=\"entry-date published updated\" datetime=\"2026-08-20T10:57:28-05:00\">20 de agosto de 2026<\/time>\t\t\t\t<\/div><!-- .entry-meta -->\n\t\t\t\t\t\t\t\t<\/div><!-- .entry-wrapper -->\n\t<\/article>\n\n\t\t\n\t<article data-post-id=\"348808\"\n\t\tclass=\"tag-el-salvador-pais tag-politicas-de-seguridad tag-prisiones-es category-noticias category-series-anuales type-post post-has-image\"\n\t\t\t\t>\n\t\t\t\t\t\t\t<figure class=\"post-thumbnail\">\n\t\t\t\t\t\t\t\t<a href=\"https:\/\/insightcrime.org\/es\/noticias\/efecto-bukele-seguridad-america-latina\/\" rel=\"bookmark\" tabindex=\"-1\" aria-hidden=\"true\">\n\t\t\t\t\t\t\t\t\t\t\t\t<img loading=\"lazy\" decoding=\"async\" width=\"800\" height=\"600\" src=\"https:\/\/i0.wp.com\/insightcrime.org\/wp-content\/uploads\/2026\/08\/Cover4-Summer-InSights-2026.jpg?resize=800%2C600&amp;quality=100&amp;ssl=1\" class=\"attachment-newspack-article-block-landscape-medium size-newspack-article-block-landscape-medium wp-post-image\" alt=\"El &#8216;efecto Bukele&#8217; en la seguridad de Am\u00e9rica Latina\" data-hero-candidate=\"1\" srcset=\"https:\/\/i0.wp.com\/insightcrime.org\/wp-content\/uploads\/2026\/08\/Cover4-Summer-InSights-2026.jpg?resize=900%2C675&amp;quality=100&amp;ssl=1 900w, https:\/\/i0.wp.com\/insightcrime.org\/wp-content\/uploads\/2026\/08\/Cover4-Summer-InSights-2026.jpg?resize=800%2C600&amp;quality=100&amp;ssl=1 800w, https:\/\/i0.wp.com\/insightcrime.org\/wp-content\/uploads\/2026\/08\/Cover4-Summer-InSights-2026.jpg?resize=600%2C450&amp;quality=100&amp;ssl=1 600w, https:\/\/i0.wp.com\/insightcrime.org\/wp-content\/uploads\/2026\/08\/Cover4-Summer-InSights-2026.jpg?resize=400%2C300&amp;quality=100&amp;ssl=1 400w, https:\/\/i0.wp.com\/insightcrime.org\/wp-content\/uploads\/2026\/08\/Cover4-Summer-InSights-2026.jpg?resize=200%2C150&amp;quality=100&amp;ssl=1 200w, https:\/\/i0.wp.com\/insightcrime.org\/wp-content\/uploads\/2026\/08\/Cover4-Summer-InSights-2026.jpg?resize=800%2C600&amp;quality=100&amp;ssl=1&amp;w=370 370w\" sizes=\"auto, (max-width: 34.9rem) calc(100vw - 2rem), (max-width: 53rem) calc(8 * (100vw \/ 12)), (min-width: 53rem) calc(6 * (100vw \/ 12)), 100vw\" \/>\t\t\t\t\t\t\t\t\t\t\t\t<\/a>\n\t\t\t\t\n\t\t\t\t\t\t\t<\/figure><!-- .featured-image -->\n\t\t\n\t\t<div class=\"entry-wrapper\">\n\t\t\t\t\t\t\n\t\t\t\t<div class=\"cat-links \">\n\t\t\t\t\t<a href=\"https:\/\/insightcrime.org\/es\/category\/noticias\/\">Noticias<\/a>\t\t\t\t\t<a class=\"newspack-featured-tag\" href=\"https:\/\/insightcrime.org\/es\/tag\/politicas-de-seguridad\/\">\n\t\t\t\t\t\tPol\u00edticas de seguridad\t\t\t\t\t<\/a>\n\t\t\t\t\t\t\t\t<\/div>\n\t\t\t\t<h3 class=\"entry-title\"><a href=\"https:\/\/insightcrime.org\/es\/noticias\/efecto-bukele-seguridad-america-latina\/\" rel=\"bookmark\">El &#8216;efecto Bukele&#8217; en la seguridad de Am\u00e9rica Latina<\/a><\/h3>\t\t\t\t\t\t\t\t\t\t<div class=\"entry-meta\">\n\t\t\t\t\t<time class=\"entry-date published\" datetime=\"2026-08-12T10:33:56-05:00\">12 de agosto de 2026<\/time><time class=\"updated\" datetime=\"2026-08-12T10:37:42-05:00\">12 de agosto de 2026<\/time>\t\t\t\t<\/div><!-- .entry-meta -->\n\t\t\t\t\t\t\t\t<\/div><!-- .entry-wrapper -->\n\t<\/article>\n\n\t\t\n\t<article data-post-id=\"348269\"\n\t\tclass=\"tag-argentina-pais tag-barrio-18-grupo tag-brasil tag-choneros-es tag-comando-vermelho tag-ecuador-pais tag-el-salvador-pais tag-infografias tag-los-lobos tag-tiguerones-es tag-ms13-es tag-paraguay-pais tag-el-pcc tag-politicas-de-seguridad tag-prisiones-es tag-tren-de-aragua-es tag-venezuela-pais category-noticias type-post post-has-image\"\n\t\t\t\t>\n\t\t\t\t\t\t\t<figure class=\"post-thumbnail\">\n\t\t\t\t\t\t\t\t<a href=\"https:\/\/insightcrime.org\/es\/noticias\/mapa-megacarceles-america-latina\/\" rel=\"bookmark\" tabindex=\"-1\" aria-hidden=\"true\">\n\t\t\t\t\t\t\t\t\t\t\t\t<img loading=\"lazy\" decoding=\"async\" width=\"800\" height=\"600\" src=\"https:\/\/i0.wp.com\/insightcrime.org\/wp-content\/uploads\/2026\/08\/Flagship-InSight-Crime-Megaprisions-latinamerica-siza-july-2026.jpg?resize=800%2C600&amp;quality=100&amp;ssl=1\" class=\"attachment-newspack-article-block-landscape-medium size-newspack-article-block-landscape-medium wp-post-image\" alt=\"Mapa de las megac\u00e1rceles de Am\u00e9rica Latina\" data-hero-candidate=\"1\" srcset=\"https:\/\/i0.wp.com\/insightcrime.org\/wp-content\/uploads\/2026\/08\/Flagship-InSight-Crime-Megaprisions-latinamerica-siza-july-2026.jpg?resize=800%2C600&amp;quality=100&amp;ssl=1 800w, https:\/\/i0.wp.com\/insightcrime.org\/wp-content\/uploads\/2026\/08\/Flagship-InSight-Crime-Megaprisions-latinamerica-siza-july-2026.jpg?resize=600%2C450&amp;quality=100&amp;ssl=1 600w, https:\/\/i0.wp.com\/insightcrime.org\/wp-content\/uploads\/2026\/08\/Flagship-InSight-Crime-Megaprisions-latinamerica-siza-july-2026.jpg?resize=400%2C300&amp;quality=100&amp;ssl=1 400w, https:\/\/i0.wp.com\/insightcrime.org\/wp-content\/uploads\/2026\/08\/Flagship-InSight-Crime-Megaprisions-latinamerica-siza-july-2026.jpg?resize=200%2C150&amp;quality=100&amp;ssl=1 200w, https:\/\/i0.wp.com\/insightcrime.org\/wp-content\/uploads\/2026\/08\/Flagship-InSight-Crime-Megaprisions-latinamerica-siza-july-2026.jpg?resize=800%2C600&amp;quality=100&amp;ssl=1&amp;w=370 370w\" sizes=\"auto, (max-width: 34.9rem) calc(100vw - 2rem), (max-width: 53rem) calc(8 * (100vw \/ 12)), (min-width: 53rem) calc(6 * (100vw \/ 12)), 100vw\" \/>\t\t\t\t\t\t\t\t\t\t\t\t<\/a>\n\t\t\t\t\n\t\t\t\t\t\t\t<\/figure><!-- .featured-image -->\n\t\t\n\t\t<div class=\"entry-wrapper\">\n\t\t\t\t\t\t\n\t\t\t\t<div class=\"cat-links \">\n\t\t\t\t\t<a href=\"https:\/\/insightcrime.org\/es\/category\/noticias\/\">Noticias<\/a>\t\t\t\t<\/div>\n\t\t\t\t<h3 class=\"entry-title\"><a href=\"https:\/\/insightcrime.org\/es\/noticias\/mapa-megacarceles-america-latina\/\" rel=\"bookmark\">Mapa de las megac\u00e1rceles de Am\u00e9rica Latina<\/a><\/h3>\t\t\t\t\t\t\t\t\t\t<div class=\"entry-meta\">\n\t\t\t\t\t<time class=\"entry-date published\" datetime=\"2026-08-03T16:32:43-05:00\">3 de agosto de 2026<\/time><time class=\"updated\" datetime=\"2026-08-03T16:32:51-05:00\">3 de agosto de 2026<\/time>\t\t\t\t<\/div><!-- .entry-meta -->\n\t\t\t\t\t\t\t\t<\/div><!-- .entry-wrapper -->\n\t<\/article>\n\n\t\t\t\t<\/div>\n\t\t\t\t\t<button type=\"button\" class=\"wp-block-button__link\"  data-next=\"https:\/\/insightcrime.org\/es\/wp-json\/newspack-blocks\/v1\/articles?showExcerpt=0&#038;moreButton=1&#038;showAuthor=0&#038;showAvatar=0&#038;showCategory=1&#038;postLayout=grid&#038;tags%5B0%5D=551&#038;specificPosts%5B0%5D=195015&#038;specificPosts%5B1%5D=197124&#038;specificPosts%5B2%5D=197722&#038;specificPosts%5B3%5D=200660&#038;specificPosts%5B4%5D=201506&#038;specificPosts%5B5%5D=201699&#038;specificPosts%5B6%5D=205111&#038;specificPosts%5B7%5D=206774&#038;specificPosts%5B8%5D=207183&#038;specificPosts%5B9%5D=233066&#038;specificPosts%5B10%5D=212008&#038;specificPosts%5B11%5D=212312&#038;specificPosts%5B12%5D=213228&#038;specificPosts%5B13%5D=232207&#038;specificPosts%5B14%5D=231693&#038;specificPosts%5B15%5D=231328&#038;specificPosts%5B16%5D=231242&#038;specificPosts%5B17%5D=233549&#038;specificPosts%5B18%5D=240862&#038;specificPosts%5B19%5D=240953&#038;specificPosts%5B20%5D=246038&#038;specificPosts%5B21%5D=246570&#038;specificPosts%5B22%5D=263748&#038;specificPosts%5B23%5D=272433&#038;specificPosts%5B24%5D=279705&#038;specificPosts%5B25%5D=281666&#038;typeScale=2&#038;imageScale=1&#038;sectionHeader=Todo%20sobre%20El%20Salvador&#038;postType%5B0%5D=post&#038;postType%5B1%5D=page&#038;className&#038;showFullContent=0&#038;excerptLength=55&#038;showReadMore=0&#038;infiniteScroll=0&#038;readMoreLabel=Keep%20reading&#038;showDate=1&#038;showImage=1&#038;showCaption=0&#038;showCredit=0&#038;disableImageLazyLoad=0&#038;fetchPriority&#038;imageShape=landscape&#038;minHeight=0&#038;moreButtonText&#038;showTagLabels=1&#038;columns=3&#038;colGap=3&#038;postsToShow=3&#038;mediaPosition=top&#038;&#038;&#038;categoryJoinType=or&#038;includeSubcategories=1&#038;&#038;&#038;&#038;&#038;mobileStack=0&#038;specificMode=0&#038;textColor&#038;customTextColor&#038;singleMode=0&#038;showSubtitle=0&#038;textAlign&#038;includedPostStatuses%5B0%5D=publish&#038;deduplicate=1&#038;page=2\">\n\t\t\t\t<span class=\"label\">\n\t\t\t\t\tLoad more posts\t\t\t\t<\/span>\n\t\t\t\t<span class=\"loading\"><\/span>\n\t\t\t<\/button>\n\t\t\t<p class=\"error\">\n\t\t\t\tSomething went wrong. Please refresh the page and\/or try again.\t\t\t<\/p>\n\n\t\t\n\t<\/div>\n\t\n\n\n<div class=\"wp-block-cover alignfull\"><span aria-hidden=\"true\" class=\"wp-block-cover__background has-background-dim-0 has-background-dim\"><\/span><img data-recalc-dims=\"1\" loading=\"lazy\" decoding=\"async\" width=\"1440\" height=\"260\" class=\"wp-block-cover__image-background wp-image-228121\" alt=\"\" src=\"https:\/\/i0.wp.com\/insightcrime-clone.newspackstaging.com\/wp-content\/uploads\/2023\/08\/image-50.png?resize=1440%2C260&#038;quality=100&#038;ssl=1\" data-object-fit=\"cover\" srcset=\"https:\/\/i0.wp.com\/insightcrime.org\/wp-content\/uploads\/2023\/08\/image-50.png?w=1440&amp;quality=100&amp;ssl=1 1440w, https:\/\/i0.wp.com\/insightcrime.org\/wp-content\/uploads\/2023\/08\/image-50.png?resize=300%2C54&amp;quality=100&amp;ssl=1 300w, https:\/\/i0.wp.com\/insightcrime.org\/wp-content\/uploads\/2023\/08\/image-50.png?resize=1024%2C185&amp;quality=100&amp;ssl=1 1024w, https:\/\/i0.wp.com\/insightcrime.org\/wp-content\/uploads\/2023\/08\/image-50.png?resize=768%2C139&amp;quality=100&amp;ssl=1 768w, https:\/\/i0.wp.com\/insightcrime.org\/wp-content\/uploads\/2023\/08\/image-50.png?resize=1200%2C217&amp;quality=100&amp;ssl=1 1200w, https:\/\/i0.wp.com\/insightcrime.org\/wp-content\/uploads\/2023\/08\/image-50.png?resize=400%2C72&amp;quality=100&amp;ssl=1 400w, https:\/\/i0.wp.com\/insightcrime-clone.newspackstaging.com\/wp-content\/uploads\/2023\/08\/image-50.png?w=370&amp;quality=100&amp;ssl=1 370w\" sizes=\"auto, (max-width: 1000px) 100vw, 1000px\" \/><div class=\"wp-block-cover__inner-container is-layout-constrained wp-block-cover-is-layout-constrained\">\n<p class=\"has-text-align-center has-white-color has-text-color has-link-color has-large-font-size wp-elements-1 wp-block-paragraph\">Explore todo nuestro contenido<\/p>\n\n\n\n<div class=\"wp-block-buttons is-content-justification-center is-layout-flex wp-container-core-buttons-is-layout-fe48e5de wp-block-buttons-is-layout-flex\">\n<div class=\"wp-block-button is-style-fill\"><a class=\"wp-block-button__link has-white-color has-primary-background-color has-text-color has-background wp-element-button\" href=\"https:\/\/insightcrime.org\/es\/investigaciones\/\">Investigaciones<\/a><\/div>\n\n\n\n<div class=\"wp-block-button\"><a class=\"wp-block-button__link has-white-color has-primary-background-color has-text-color has-background has-link-color wp-element-button\" href=\"https:\/\/insightcrime.org\/es\/noticias\/\">An\u00e1lisis y noticias<\/a><\/div>\n\n\n\n<div class=\"wp-block-button\"><a class=\"wp-block-button__link has-white-color has-primary-background-color has-text-color has-background has-link-color wp-element-button\" href=\"https:\/\/insightcrime.org\/es\/noticias\/series-especiales\/\">Series especiales<\/a><\/div>\n\n\n\n<div class=\"wp-block-button\"><a class=\"wp-block-button__link has-white-color has-primary-background-color has-text-color has-background has-link-color wp-element-button\" href=\"https:\/\/insightcrime.org\/es\/podcast\/\">P\u00f3dcasts<\/a><\/div>\n<\/div>\n<\/div><\/div>\n","protected":false},"excerpt":{"rendered":"<p>En esta serie especial, InSight Crime sigue de cerca el estado de excepci\u00f3n decretado por el gobierno salvadore\u00f1o y el incierto futuro de las pandillas MS13 y Barrio 18.<\/p>\n","protected":false},"author":188,"featured_media":248973,"parent":270116,"menu_order":0,"comment_status":"closed","ping_status":"closed","template":"single-feature.php","meta":{"newspack_ads_suppress_ads":false,"newspack_popups_has_disabled_popups":false,"newspack_sponsor_sponsorship_scope":"","newspack_sponsor_native_byline_display":"inherit","newspack_sponsor_native_category_display":"inherit","newspack_sponsor_underwriter_style":"inherit","newspack_sponsor_underwriter_placement":"inherit","_EventAllDay":false,"_EventTimezone":"","_EventStartDate":"","_EventEndDate":"","_EventStartDateUTC":"","_EventEndDateUTC":"","_EventShowMap":false,"_EventShowMapLink":false,"_EventURL":"","_EventCost":"","_EventCostDescription":"","_EventCurrencySymbol":"","_EventCurrencyCode":"","_EventCurrencyPosition":"","_EventDateTimeSeparator":"","_EventTimeRangeSeparator":"","_EventOrganizerID":[],"_EventVenueID":[],"_OrganizerEmail":"","_OrganizerPhone":"","_OrganizerWebsite":"","_VenueAddress":"","_VenueCity":"","_VenueCountry":"","_VenueProvince":"","_VenueState":"","_VenueZip":"","_VenuePhone":"","_VenueURL":"","_VenueStateProvince":"","_VenueLat":"","_VenueLng":"","_VenueShowMap":false,"_VenueShowMapLink":false,"newspack_featured_image_position":"behind","newspack_hide_page_title":false,"newspack_show_share_buttons":false,"footnotes":""},"categories":[4526],"tags":[375,1540,1500,438],"newspack_spnsrs_tax":[],"coauthors":[4351],"class_list":["post-286256","page","type-page","status-publish","has-post-thumbnail","hentry","category-special-series","tag-barrio-18-grupo","tag-el-salvador-pais","tag-ms13-es","tag-politicas-de-seguridad","entry"],"parsely":{"version":"1.1.0","canonical_url":"https:\/\/insightcrime.org\/es\/noticias\/series-especiales\/caida-pandillas-el-salvador-costos\/","smart_links":{"inbound":0,"outbound":0},"traffic_boost_suggestions_count":0,"meta":{"@context":"https:\/\/schema.org","@type":"WebPage","headline":"Serie especial: La ca\u00edda de las pandillas en El Salvador, y sus costos","url":"http:\/\/insightcrime.org\/es\/noticias\/series-especiales\/caida-pandillas-el-salvador-costos\/","mainEntityOfPage":{"@type":"WebPage","@id":"http:\/\/insightcrime.org\/es\/noticias\/series-especiales\/caida-pandillas-el-salvador-costos\/"},"thumbnailUrl":"https:\/\/i0.wp.com\/insightcrime.org\/wp-content\/uploads\/2023\/11\/El-Salvador-Cover-Cap-2-Dic-2023.jpg?resize=150%2C150&quality=100&ssl=1","image":{"@type":"ImageObject","url":"https:\/\/i0.wp.com\/insightcrime.org\/wp-content\/uploads\/2023\/11\/El-Salvador-Cover-Cap-2-Dic-2023.jpg?fit=1600%2C768&quality=100&ssl=1"},"articleSection":"Series","author":[{"@type":"Person","name":"InSight Crime"}],"creator":["InSight Crime"],"publisher":{"@type":"Organization","name":"InSight Crime","logo":"https:\/\/insightcrime.org\/wp-content\/uploads\/2023\/08\/logo.png"},"keywords":["barrio 18","el salvador","ms13","pol\u00edticas de seguridad"],"dateCreated":"2024-07-31T21:03:56Z","datePublished":"2024-07-31T21:03:56Z","dateModified":"2024-07-31T21:12:34Z"},"rendered":"<meta name=\"parsely-title\" content=\"Serie especial: La ca\u00edda de las pandillas en El Salvador, y sus costos\" \/>\n<meta name=\"parsely-link\" content=\"http:\/\/insightcrime.org\/es\/noticias\/series-especiales\/caida-pandillas-el-salvador-costos\/\" \/>\n<meta name=\"parsely-type\" content=\"index\" \/>\n<meta name=\"parsely-image-url\" content=\"https:\/\/i0.wp.com\/insightcrime.org\/wp-content\/uploads\/2023\/11\/El-Salvador-Cover-Cap-2-Dic-2023.jpg?resize=150%2C150&amp;quality=100&amp;ssl=1\" \/>\n<meta name=\"parsely-pub-date\" content=\"2024-07-31T21:03:56Z\" \/>\n<meta name=\"parsely-section\" content=\"Series\" \/>\n<meta name=\"parsely-tags\" content=\"barrio 18,el salvador,ms13,pol\u00edticas de seguridad\" \/>\n<meta name=\"parsely-author\" content=\"InSight Crime\" \/>","tracker_url":"https:\/\/cdn.parsely.com\/keys\/insightcrime.org\/p.js"},"jetpack_sharing_enabled":true,"jetpack-related-posts":[{"id":4910,"url":"https:\/\/insightcrime.org\/es\/noticias-crimen-organizado-el-salvador\/mara-salvatrucha-ms-13-perfil\/","url_meta":{"origin":286256,"position":0},"title":"Mara Salvatrucha (MS13)","author":"InSight Crime","date":"3 de abril de 2025","format":false,"excerpt":"La Mara Salvatrucha, o MS13, es tal vez la pandilla callejera m\u00e1s conocida en el hemisferio occidental. Aunque tiene sus or\u00edgenes en la d\u00e9cada de los ochenta en los barrios pobres de refugiados de Los \u00c1ngeles, el alcance de la pandilla ahora se extiende desde pa\u00edses centroamericanos como El Salvador\u2026","rel":"","context":"En \u00abEl Salvador\u00bb","block_context":{"text":"El Salvador","link":"https:\/\/insightcrime.org\/es\/category\/noticias-crimen-organizado-el-salvador\/"},"img":{"alt_text":"MS13","src":"https:\/\/i0.wp.com\/insightcrime.org\/wp-content\/uploads\/2026\/05\/Grupo-Criminal-MS13-1.jpg?fit=1200%2C900&quality=100&ssl=1&resize=350%2C200","width":350,"height":200,"srcset":"https:\/\/i0.wp.com\/insightcrime.org\/wp-content\/uploads\/2026\/05\/Grupo-Criminal-MS13-1.jpg?fit=1200%2C900&quality=100&ssl=1&resize=350%2C200 1x, https:\/\/i0.wp.com\/insightcrime.org\/wp-content\/uploads\/2026\/05\/Grupo-Criminal-MS13-1.jpg?fit=1200%2C900&quality=100&ssl=1&resize=525%2C300 1.5x, https:\/\/i0.wp.com\/insightcrime.org\/wp-content\/uploads\/2026\/05\/Grupo-Criminal-MS13-1.jpg?fit=1200%2C900&quality=100&ssl=1&resize=700%2C400 2x, https:\/\/i0.wp.com\/insightcrime.org\/wp-content\/uploads\/2026\/05\/Grupo-Criminal-MS13-1.jpg?fit=1200%2C900&quality=100&ssl=1&resize=1050%2C600 3x"},"classes":[]},{"id":249413,"url":"https:\/\/insightcrime.org\/es\/investigaciones\/pandillas-fuga-como-mano-dura-bukele-llevo-pandillas-clandestinidad\/","url_meta":{"origin":286256,"position":1},"title":"Pandillas a la fuga: C\u00f3mo la mano dura de Bukele llev\u00f3 a las pandillas a la clandestinidad","author":"Alex Papadovassilakis","date":"6 de diciembre de 2023","format":false,"excerpt":"Al huir de El Salvador, Felipe* se uni\u00f3 a una larga lista de pandilleros y expandilleros que buscan refugio en el extranjero, principalmente en M\u00e9xico, Centroam\u00e9rica y Estados Unidos. Otros, ante la falta de dinero para viajar o de un medio para pasar seguros, permanecen escondidos en El Salvador.\u00a0 InSight\u2026","rel":"","context":"En \u00abInvestigaciones\u00bb","block_context":{"text":"Investigaciones","link":"https:\/\/insightcrime.org\/es\/category\/investigaciones\/"},"img":{"alt_text":"","src":"https:\/\/i0.wp.com\/insightcrime.org\/wp-content\/uploads\/2023\/11\/El-Salvador-Cover-Cap-4-Dic-2023.jpg?fit=1200%2C576&quality=100&ssl=1&resize=350%2C200","width":350,"height":200,"srcset":"https:\/\/i0.wp.com\/insightcrime.org\/wp-content\/uploads\/2023\/11\/El-Salvador-Cover-Cap-4-Dic-2023.jpg?fit=1200%2C576&quality=100&ssl=1&resize=350%2C200 1x, https:\/\/i0.wp.com\/insightcrime.org\/wp-content\/uploads\/2023\/11\/El-Salvador-Cover-Cap-4-Dic-2023.jpg?fit=1200%2C576&quality=100&ssl=1&resize=525%2C300 1.5x, https:\/\/i0.wp.com\/insightcrime.org\/wp-content\/uploads\/2023\/11\/El-Salvador-Cover-Cap-4-Dic-2023.jpg?fit=1200%2C576&quality=100&ssl=1&resize=700%2C400 2x, https:\/\/i0.wp.com\/insightcrime.org\/wp-content\/uploads\/2023\/11\/El-Salvador-Cover-Cap-4-Dic-2023.jpg?fit=1200%2C576&quality=100&ssl=1&resize=1050%2C600 3x"},"classes":[]},{"id":6313,"url":"https:\/\/insightcrime.org\/es\/noticias-crimen-organizado-el-salvador\/barrio-18-perfil-2\/","url_meta":{"origin":286256,"position":2},"title":"Barrio 18","author":"InSight Crime","date":"14 de noviembre de 2023","format":false,"excerpt":"La pandilla 18, tambi\u00e9n conocida como Barrio 18, es una de las maras m\u00e1s numerosas del hemisferio occidental, equiparable en muchos aspectos a su rival m\u00e1s conocido, la Mara Salvatrucha (MS13). Aunque la pandilla tiene c\u00e9lulas en operaci\u00f3n desde Centroam\u00e9rica hasta Canad\u00e1, se ha debilitado mucho en El Salvador despu\u00e9s\u2026","rel":"","context":"En \u00abEl Salvador\u00bb","block_context":{"text":"El Salvador","link":"https:\/\/insightcrime.org\/es\/category\/noticias-crimen-organizado-el-salvador\/"},"img":{"alt_text":"","src":"https:\/\/i0.wp.com\/insightcrime.org\/wp-content\/uploads\/2023\/11\/Grupo-Criminal-Barrio-18.jpg?fit=1200%2C900&quality=100&ssl=1&resize=350%2C200","width":350,"height":200,"srcset":"https:\/\/i0.wp.com\/insightcrime.org\/wp-content\/uploads\/2023\/11\/Grupo-Criminal-Barrio-18.jpg?fit=1200%2C900&quality=100&ssl=1&resize=350%2C200 1x, https:\/\/i0.wp.com\/insightcrime.org\/wp-content\/uploads\/2023\/11\/Grupo-Criminal-Barrio-18.jpg?fit=1200%2C900&quality=100&ssl=1&resize=525%2C300 1.5x, https:\/\/i0.wp.com\/insightcrime.org\/wp-content\/uploads\/2023\/11\/Grupo-Criminal-Barrio-18.jpg?fit=1200%2C900&quality=100&ssl=1&resize=700%2C400 2x, https:\/\/i0.wp.com\/insightcrime.org\/wp-content\/uploads\/2023\/11\/Grupo-Criminal-Barrio-18.jpg?fit=1200%2C900&quality=100&ssl=1&resize=1050%2C600 3x"},"classes":[]},{"id":232638,"url":"https:\/\/insightcrime.org\/es\/noticias\/absolucion-lider-ms13-debilita-retorica-anti-pandillas-el-salvador\/","url_meta":{"origin":286256,"position":3},"title":"Absoluci\u00f3n de l\u00edder de MS13 debilita ret\u00f3rica anti-pandillas de El Salvador","author":"Gavin Voss","date":"20 de junio de 2023","format":false,"excerpt":"La absoluci\u00f3n de \"El Barney\" plantea preguntas sobre el enfoque de El Salvador para apuntar a los l\u00edderes de pandillas en medio del estado de excepci\u00f3n.","rel":"","context":"En \u00abNoticias\u00bb","block_context":{"text":"Noticias","link":"https:\/\/insightcrime.org\/es\/category\/noticias\/"},"img":{"alt_text":"El Barney en un poster de los m\u00e1s buscados","src":"https:\/\/i0.wp.com\/insightcrime.org\/wp-content\/uploads\/2023\/09\/El-Salvador-El-Barney-MS13-La-Prensa-Grafica-1-1.jpg?fit=350%2C250&quality=100&ssl=1&resize=350%2C200","width":350,"height":200},"classes":[]},{"id":249301,"url":"https:\/\/insightcrime.org\/es\/investigaciones\/como-gobierno-bukele-sometio-pandillas\/","url_meta":{"origin":286256,"position":4},"title":"C\u00f3mo el gobierno de Bukele someti\u00f3 a las pandillas: resumen y principales hallazgos","author":"Alex Papadovassilakis","date":"6 de diciembre de 2023","format":false,"excerpt":"En marzo de 2022, el gobierno de El Salvador lanz\u00f3 una de las ofensivas de seguridad m\u00e1s implacables de su historia en su m\u00e1s reciente intento por debilitar a las tres principales pandillas del pa\u00eds: la Mara Salvatrucha (MS13), el Barrio 18 Revolucionarios (18R) y el Barrio Sure\u00f1os (18S).","rel":"","context":"En \u00abInvestigaciones\u00bb","block_context":{"text":"Investigaciones","link":"https:\/\/insightcrime.org\/es\/category\/investigaciones\/"},"img":{"alt_text":"","src":"https:\/\/i0.wp.com\/insightcrime.org\/wp-content\/uploads\/2023\/11\/El-Salvador-Cover-Cap-1-Dic-2023.jpg?fit=1200%2C576&quality=100&ssl=1&resize=350%2C200","width":350,"height":200,"srcset":"https:\/\/i0.wp.com\/insightcrime.org\/wp-content\/uploads\/2023\/11\/El-Salvador-Cover-Cap-1-Dic-2023.jpg?fit=1200%2C576&quality=100&ssl=1&resize=350%2C200 1x, https:\/\/i0.wp.com\/insightcrime.org\/wp-content\/uploads\/2023\/11\/El-Salvador-Cover-Cap-1-Dic-2023.jpg?fit=1200%2C576&quality=100&ssl=1&resize=525%2C300 1.5x, https:\/\/i0.wp.com\/insightcrime.org\/wp-content\/uploads\/2023\/11\/El-Salvador-Cover-Cap-1-Dic-2023.jpg?fit=1200%2C576&quality=100&ssl=1&resize=700%2C400 2x, https:\/\/i0.wp.com\/insightcrime.org\/wp-content\/uploads\/2023\/11\/El-Salvador-Cover-Cap-1-Dic-2023.jpg?fit=1200%2C576&quality=100&ssl=1&resize=1050%2C600 3x"},"classes":[]},{"id":249423,"url":"https:\/\/insightcrime.org\/es\/investigaciones\/futuro-sombrio-asoma-pandillas-el-salvador\/","url_meta":{"origin":286256,"position":5},"title":"Un futuro sombr\u00edo se asoma para las pandillas de El Salvador","author":"Alex Papadovassilakis","date":"6 de diciembre de 2023","format":false,"excerpt":"En una calurosa tarde de julio en el municipio salvadore\u00f1o de Apopa, al norte de la capital, San Salvador, InSight Crime se sent\u00f3 con una mujer y su madre en un parque. Se trataba de una de las decenas de entrevistas grupales realizadas en todo el pa\u00eds para analizar c\u00f3mo\u2026","rel":"","context":"En \u00abInvestigaciones\u00bb","block_context":{"text":"Investigaciones","link":"https:\/\/insightcrime.org\/es\/category\/investigaciones\/"},"img":{"alt_text":"","src":"https:\/\/i0.wp.com\/insightcrime.org\/wp-content\/uploads\/2023\/11\/El-Salvador-Cover-Cap-6-Dic-2023.jpg?fit=1200%2C576&quality=100&ssl=1&resize=350%2C200","width":350,"height":200,"srcset":"https:\/\/i0.wp.com\/insightcrime.org\/wp-content\/uploads\/2023\/11\/El-Salvador-Cover-Cap-6-Dic-2023.jpg?fit=1200%2C576&quality=100&ssl=1&resize=350%2C200 1x, https:\/\/i0.wp.com\/insightcrime.org\/wp-content\/uploads\/2023\/11\/El-Salvador-Cover-Cap-6-Dic-2023.jpg?fit=1200%2C576&quality=100&ssl=1&resize=525%2C300 1.5x, https:\/\/i0.wp.com\/insightcrime.org\/wp-content\/uploads\/2023\/11\/El-Salvador-Cover-Cap-6-Dic-2023.jpg?fit=1200%2C576&quality=100&ssl=1&resize=700%2C400 2x, https:\/\/i0.wp.com\/insightcrime.org\/wp-content\/uploads\/2023\/11\/El-Salvador-Cover-Cap-6-Dic-2023.jpg?fit=1200%2C576&quality=100&ssl=1&resize=1050%2C600 3x"},"classes":[]}],"_links":{"self":[{"href":"https:\/\/insightcrime.org\/es\/wp-json\/wp\/v2\/pages\/286256","targetHints":{"allow":["GET"]}}],"collection":[{"href":"https:\/\/insightcrime.org\/es\/wp-json\/wp\/v2\/pages"}],"about":[{"href":"https:\/\/insightcrime.org\/es\/wp-json\/wp\/v2\/types\/page"}],"author":[{"embeddable":true,"href":"https:\/\/insightcrime.org\/es\/wp-json\/wp\/v2\/users\/188"}],"replies":[{"embeddable":true,"href":"https:\/\/insightcrime.org\/es\/wp-json\/wp\/v2\/comments?post=286256"}],"version-history":[{"count":1,"href":"https:\/\/insightcrime.org\/es\/wp-json\/wp\/v2\/pages\/286256\/revisions"}],"predecessor-version":[{"id":286262,"href":"https:\/\/insightcrime.org\/es\/wp-json\/wp\/v2\/pages\/286256\/revisions\/286262"}],"up":[{"embeddable":true,"href":"https:\/\/insightcrime.org\/es\/wp-json\/wp\/v2\/pages\/270116"}],"wp:featuredmedia":[{"embeddable":true,"href":"https:\/\/insightcrime.org\/es\/wp-json\/wp\/v2\/media\/248973"}],"wp:attachment":[{"href":"https:\/\/insightcrime.org\/es\/wp-json\/wp\/v2\/media?parent=286256"}],"wp:term":[{"taxonomy":"category","embeddable":true,"href":"https:\/\/insightcrime.org\/es\/wp-json\/wp\/v2\/categories?post=286256"},{"taxonomy":"post_tag","embeddable":true,"href":"https:\/\/insightcrime.org\/es\/wp-json\/wp\/v2\/tags?post=286256"},{"taxonomy":"newspack_spnsrs_tax","embeddable":true,"href":"https:\/\/insightcrime.org\/es\/wp-json\/wp\/v2\/newspack_spnsrs_tax?post=286256"},{"taxonomy":"author","embeddable":true,"href":"https:\/\/insightcrime.org\/es\/wp-json\/wp\/v2\/coauthors?post=286256"}],"curies":[{"name":"wp","href":"https:\/\/api.w.org\/{rel}","templated":true}]}}